{"id":47,"date":"2019-12-20T19:36:47","date_gmt":"2019-12-20T18:36:47","guid":{"rendered":"http:\/\/moisesdavia.es\/?page_id=47"},"modified":"2023-03-20T15:07:14","modified_gmt":"2023-03-20T14:07:14","slug":"composiciones","status":"publish","type":"page","link":"https:\/\/moisesdavia.es\/?page_id=47","title":{"rendered":"Composiciones"},"content":{"rendered":"\t\t<div data-elementor-type=\"wp-page\" data-elementor-id=\"47\" class=\"elementor elementor-47\">\n\t\t\t\t\t\t<section class=\"elementor-section elementor-top-section elementor-element elementor-element-58840d5 elementor-section-boxed elementor-section-height-default elementor-section-height-default\" data-id=\"58840d5\" data-element_type=\"section\" data-e-type=\"section\">\n\t\t\t\t\t\t<div class=\"elementor-container elementor-column-gap-default\">\n\t\t\t\t\t<div class=\"elementor-column elementor-col-100 elementor-top-column elementor-element elementor-element-56d8f56\" data-id=\"56d8f56\" data-element_type=\"column\" data-e-type=\"column\">\n\t\t\t<div class=\"elementor-widget-wrap elementor-element-populated\">\n\t\t\t\t\t\t<div class=\"elementor-element elementor-element-9f56fb2 elementor-widget elementor-widget-text-editor\" data-id=\"9f56fb2\" data-element_type=\"widget\" data-e-type=\"widget\" data-widget_type=\"text-editor.default\">\n\t\t\t\t<div class=\"elementor-widget-container\">\n\t\t\t\t\t\t\t\t\t<p style=\"font-weight: 400;\"><em>Como compositor,\u00a0<strong>Mois\u00e9s Davia es autor de alrededor de medio centenar de obras\u00a0<\/strong>para orquesta, banda, coros, piano, m\u00fasica de c\u00e1mara, cuartetos de saxofones, himnos, pasodobles, villancicos, marchas de Semana Santa, arreglos de canciones populares etc. Actualmente muchas de estas obras son interpretadas por numerosas corales, bandas de m\u00fasica y orquestas, durante la Semana Santa de Jerez, las Hogueras de Alicante y las fiestas de numerosas localidades.<\/em><\/p>\t\t\t\t\t\t\t\t<\/div>\n\t\t\t\t<\/div>\n\t\t\t\t\t<\/div>\n\t\t<\/div>\n\t\t\t\t\t<\/div>\n\t\t<\/section>\n\t\t\t\t<section class=\"elementor-section elementor-top-section elementor-element elementor-element-5b27ca1 elementor-section-boxed elementor-section-height-default elementor-section-height-default\" data-id=\"5b27ca1\" data-element_type=\"section\" data-e-type=\"section\">\n\t\t\t\t\t\t<div class=\"elementor-container elementor-column-gap-default\">\n\t\t\t\t\t<div class=\"elementor-column elementor-col-100 elementor-top-column elementor-element elementor-element-96beb9c\" data-id=\"96beb9c\" data-element_type=\"column\" data-e-type=\"column\">\n\t\t\t<div class=\"elementor-widget-wrap elementor-element-populated\">\n\t\t\t\t\t\t<div class=\"elementor-element elementor-element-4f35830 elementor-widget elementor-widget-heading\" data-id=\"4f35830\" data-element_type=\"widget\" data-e-type=\"widget\" data-widget_type=\"heading.default\">\n\t\t\t\t<div class=\"elementor-widget-container\">\n\t\t\t\t\t<h4 class=\"elementor-heading-title elementor-size-default\">Discograf\u00eda<\/h4>\t\t\t\t<\/div>\n\t\t\t\t<\/div>\n\t\t\t\t\t<\/div>\n\t\t<\/div>\n\t\t\t\t\t<\/div>\n\t\t<\/section>\n\t\t\t\t<section class=\"elementor-section elementor-top-section elementor-element elementor-element-4decc92 elementor-section-boxed elementor-section-height-default elementor-section-height-default\" data-id=\"4decc92\" data-element_type=\"section\" data-e-type=\"section\">\n\t\t\t\t\t\t<div class=\"elementor-container elementor-column-gap-default\">\n\t\t\t\t\t<div class=\"elementor-column elementor-col-100 elementor-top-column elementor-element elementor-element-f7cb4fe\" data-id=\"f7cb4fe\" data-element_type=\"column\" data-e-type=\"column\">\n\t\t\t<div class=\"elementor-widget-wrap elementor-element-populated\">\n\t\t\t\t\t\t<div class=\"elementor-element elementor-element-621e3a7 elementor-widget elementor-widget-text-editor\" data-id=\"621e3a7\" data-element_type=\"widget\" data-e-type=\"widget\" data-widget_type=\"text-editor.default\">\n\t\t\t\t<div class=\"elementor-widget-container\">\n\t\t\t\t\t\t\t\t\t<p>Muchas de las obras de Mois\u00e9s Davia han sido editadas en LP, Sencillos y CD, principalmente en recopilaciones de M\u00fasica de Hogueras, Semana Santa de Jerez o Himnos de localidades. Gran parte de esta discograf\u00eda fue realizada con Mois\u00e9s Davia como director de estas bandas y orquestas entre los a\u00f1os 60-70. Algunos de estos discos aun se pueden encontrar a la venta en sitios especializados para coleccionistas.<\/p>\t\t\t\t\t\t\t\t<\/div>\n\t\t\t\t<\/div>\n\t\t\t\t\t<\/div>\n\t\t<\/div>\n\t\t\t\t\t<\/div>\n\t\t<\/section>\n\t\t\t\t<section class=\"elementor-section elementor-top-section elementor-element elementor-element-784d56b elementor-section-boxed elementor-section-height-default elementor-section-height-default\" data-id=\"784d56b\" data-element_type=\"section\" data-e-type=\"section\">\n\t\t\t\t\t\t<div class=\"elementor-container elementor-column-gap-default\">\n\t\t\t\t\t<div class=\"elementor-column elementor-col-100 elementor-top-column elementor-element elementor-element-741dcfa\" data-id=\"741dcfa\" data-element_type=\"column\" data-e-type=\"column\">\n\t\t\t<div class=\"elementor-widget-wrap elementor-element-populated\">\n\t\t\t\t\t\t<div class=\"elementor-element elementor-element-dc6011a gallery-spacing-custom elementor-widget elementor-widget-image-gallery\" data-id=\"dc6011a\" data-element_type=\"widget\" data-e-type=\"widget\" data-widget_type=\"image-gallery.default\">\n\t\t\t\t<div class=\"elementor-widget-container\">\n\t\t\t\t\t\t\t<div class=\"elementor-image-gallery\">\n\t\t\t\n\t\t<style type=\"text\/css\">\n\t\t\t#gallery-1 {\n\t\t\t\tmargin: auto;\n\t\t\t}\n\t\t\t#gallery-1 .gallery-item {\n\t\t\t\tfloat: left;\n\t\t\t\tmargin-top: 10px;\n\t\t\t\ttext-align: center;\n\t\t\t\twidth: 25%;\n\t\t\t}\n\t\t\t#gallery-1 img {\n\t\t\t\tborder: 2px solid #cfcfcf;\n\t\t\t}\n\t\t\t#gallery-1 .gallery-caption {\n\t\t\t\tmargin-left: 0;\n\t\t\t}\n\t\t\t\/* see gallery_shortcode() in wp-includes\/media.php *\/\n\t\t<\/style>\n\t\t<div id='gallery-1' class='gallery galleryid-47 gallery-columns-4 gallery-size-medium'><dl class='gallery-item'>\n\t\t\t<dt class='gallery-icon landscape'>\n\t\t\t\t<a data-elementor-open-lightbox=\"yes\" data-elementor-lightbox-slideshow=\"dc6011a\" data-elementor-lightbox-title=\"LP alicante en fiestas, 1969\" data-e-action-hash=\"#elementor-action%3Aaction%3Dlightbox%26settings%3DeyJpZCI6MTE0LCJ1cmwiOiJodHRwczpcL1wvbW9pc2VzZGF2aWEuZXNcL3dwLWNvbnRlbnRcL3VwbG9hZHNcLzIwMTlcLzEyXC9MUC1hbGljYW50ZS1lbi1maWVzdGFzLTE5NzQtc2NhbmVhZG8tc2NhbGVkLmpwZyIsInNsaWRlc2hvdyI6ImRjNjAxMWEifQ%3D%3D\" href='https:\/\/moisesdavia.es\/wp-content\/uploads\/2019\/12\/LP-alicante-en-fiestas-1974-scaneado-scaled.jpg'><img fetchpriority=\"high\" decoding=\"async\" width=\"300\" height=\"300\" src=\"https:\/\/moisesdavia.es\/wp-content\/uploads\/2019\/12\/LP-alicante-en-fiestas-1974-scaneado-300x300.jpg\" class=\"attachment-medium size-medium\" alt=\"\" aria-describedby=\"gallery-1-114\" srcset=\"https:\/\/moisesdavia.es\/wp-content\/uploads\/2019\/12\/LP-alicante-en-fiestas-1974-scaneado-300x300.jpg 300w, https:\/\/moisesdavia.es\/wp-content\/uploads\/2019\/12\/LP-alicante-en-fiestas-1974-scaneado-1024x1024.jpg 1024w, https:\/\/moisesdavia.es\/wp-content\/uploads\/2019\/12\/LP-alicante-en-fiestas-1974-scaneado-150x150.jpg 150w, https:\/\/moisesdavia.es\/wp-content\/uploads\/2019\/12\/LP-alicante-en-fiestas-1974-scaneado-768x768.jpg 768w, https:\/\/moisesdavia.es\/wp-content\/uploads\/2019\/12\/LP-alicante-en-fiestas-1974-scaneado-1536x1536.jpg 1536w, https:\/\/moisesdavia.es\/wp-content\/uploads\/2019\/12\/LP-alicante-en-fiestas-1974-scaneado-2048x2048.jpg 2048w, https:\/\/moisesdavia.es\/wp-content\/uploads\/2019\/12\/LP-alicante-en-fiestas-1974-scaneado-1080x1080.jpg 1080w\" sizes=\"(max-width: 300px) 100vw, 300px\" \/><\/a>\n\t\t\t<\/dt>\n\t\t\t\t<dd class='wp-caption-text gallery-caption' id='gallery-1-114'>\n\t\t\t\tLP Alicante en Fiestas (1969). Banda Municipal de Alicante con la Coral Crevillentina, bajo la direcci\u00f3n de M. Davia. Posteriormente editado en CD en 1997\n\t\t\t\t<\/dd><\/dl><dl class='gallery-item'>\n\t\t\t<dt class='gallery-icon landscape'>\n\t\t\t\t<a data-elementor-open-lightbox=\"yes\" data-elementor-lightbox-slideshow=\"dc6011a\" data-elementor-lightbox-title=\"Alicante-en-fiestas\" data-e-action-hash=\"#elementor-action%3Aaction%3Dlightbox%26settings%3DeyJpZCI6MTExLCJ1cmwiOiJodHRwczpcL1wvbW9pc2VzZGF2aWEuZXNcL3dwLWNvbnRlbnRcL3VwbG9hZHNcLzIwMTlcLzEyXC9BbGljYW50ZS1lbi1maWVzdGFzLXNjYWxlZC5qcGciLCJzbGlkZXNob3ciOiJkYzYwMTFhIn0%3D\" href='https:\/\/moisesdavia.es\/wp-content\/uploads\/2019\/12\/Alicante-en-fiestas-scaled.jpg'><img decoding=\"async\" width=\"300\" height=\"295\" src=\"https:\/\/moisesdavia.es\/wp-content\/uploads\/2019\/12\/Alicante-en-fiestas-300x295.jpg\" class=\"attachment-medium size-medium\" alt=\"LP Alicante en Fiestas, volumen II (1974). Banda Municipal de Alicante con la Coral Crevillentina, bajo la direci\u00f3n de M. Davia\" aria-describedby=\"gallery-1-111\" srcset=\"https:\/\/moisesdavia.es\/wp-content\/uploads\/2019\/12\/Alicante-en-fiestas-300x295.jpg 300w, https:\/\/moisesdavia.es\/wp-content\/uploads\/2019\/12\/Alicante-en-fiestas-1024x1008.jpg 1024w, https:\/\/moisesdavia.es\/wp-content\/uploads\/2019\/12\/Alicante-en-fiestas-768x756.jpg 768w, https:\/\/moisesdavia.es\/wp-content\/uploads\/2019\/12\/Alicante-en-fiestas-1536x1512.jpg 1536w, https:\/\/moisesdavia.es\/wp-content\/uploads\/2019\/12\/Alicante-en-fiestas-2048x2016.jpg 2048w, https:\/\/moisesdavia.es\/wp-content\/uploads\/2019\/12\/Alicante-en-fiestas-1097x1080.jpg 1097w\" sizes=\"(max-width: 300px) 100vw, 300px\" \/><\/a>\n\t\t\t<\/dt>\n\t\t\t\t<dd class='wp-caption-text gallery-caption' id='gallery-1-111'>\n\t\t\t\tLP Alicante en Fiestas, volumen II (1974). Banda Municipal de Alicante con la Coral Crevillentina, bajo la direcci\u00f3n de M. Davia\t\n\t\t\t\t<\/dd><\/dl><dl class='gallery-item'>\n\t\t\t<dt class='gallery-icon portrait'>\n\t\t\t\t<a data-elementor-open-lightbox=\"yes\" data-elementor-lightbox-slideshow=\"dc6011a\" data-elementor-lightbox-title=\"Coral-Crevillentina-de-Educaci\u00f3n-y-descanso-La-Habanera\" data-e-action-hash=\"#elementor-action%3Aaction%3Dlightbox%26settings%3DeyJpZCI6MTEyLCJ1cmwiOiJodHRwczpcL1wvbW9pc2VzZGF2aWEuZXNcL3dwLWNvbnRlbnRcL3VwbG9hZHNcLzIwMTlcLzEyXC9Db3JhbC1DcmV2aWxsZW50aW5hLWRlLUVkdWNhY2lcdTAwZjNuLXktZGVzY2Fuc28tTGEtSGFiYW5lcmEtc2NhbGVkLmpwZyIsInNsaWRlc2hvdyI6ImRjNjAxMWEifQ%3D%3D\" href='https:\/\/moisesdavia.es\/wp-content\/uploads\/2019\/12\/Coral-Crevillentina-de-Educaci\u00f3n-y-descanso-La-Habanera-scaled.jpg'><img decoding=\"async\" width=\"292\" height=\"300\" src=\"https:\/\/moisesdavia.es\/wp-content\/uploads\/2019\/12\/Coral-Crevillentina-de-Educaci\u00f3n-y-descanso-La-Habanera-292x300.jpg\" class=\"attachment-medium size-medium\" alt=\"\" aria-describedby=\"gallery-1-112\" srcset=\"https:\/\/moisesdavia.es\/wp-content\/uploads\/2019\/12\/Coral-Crevillentina-de-Educaci\u00f3n-y-descanso-La-Habanera-292x300.jpg 292w, https:\/\/moisesdavia.es\/wp-content\/uploads\/2019\/12\/Coral-Crevillentina-de-Educaci\u00f3n-y-descanso-La-Habanera-996x1024.jpg 996w, https:\/\/moisesdavia.es\/wp-content\/uploads\/2019\/12\/Coral-Crevillentina-de-Educaci\u00f3n-y-descanso-La-Habanera-768x789.jpg 768w, https:\/\/moisesdavia.es\/wp-content\/uploads\/2019\/12\/Coral-Crevillentina-de-Educaci\u00f3n-y-descanso-La-Habanera-1495x1536.jpg 1495w, https:\/\/moisesdavia.es\/wp-content\/uploads\/2019\/12\/Coral-Crevillentina-de-Educaci\u00f3n-y-descanso-La-Habanera-1993x2048.jpg 1993w, https:\/\/moisesdavia.es\/wp-content\/uploads\/2019\/12\/Coral-Crevillentina-de-Educaci\u00f3n-y-descanso-La-Habanera-1024x1052.jpg 1024w, https:\/\/moisesdavia.es\/wp-content\/uploads\/2019\/12\/Coral-Crevillentina-de-Educaci\u00f3n-y-descanso-La-Habanera-1051x1080.jpg 1051w\" sizes=\"(max-width: 292px) 100vw, 292px\" \/><\/a>\n\t\t\t<\/dt>\n\t\t\t\t<dd class='wp-caption-text gallery-caption' id='gallery-1-112'>\n\t\t\t\tLa Habanera (1967). Banda Municipal de Alicante con la Coral Crevillentina, bajo la direcci\u00f3n de M. Davia\t\n\t\t\t\t<\/dd><\/dl><dl class='gallery-item'>\n\t\t\t<dt class='gallery-icon landscape'>\n\t\t\t\t<a data-elementor-open-lightbox=\"yes\" data-elementor-lightbox-slideshow=\"dc6011a\" data-elementor-lightbox-title=\"Nuestra M\u00fasica - Portada1\" data-e-action-hash=\"#elementor-action%3Aaction%3Dlightbox%26settings%3DeyJpZCI6MTE1LCJ1cmwiOiJodHRwczpcL1wvbW9pc2VzZGF2aWEuZXNcL3dwLWNvbnRlbnRcL3VwbG9hZHNcLzIwMTlcLzEyXC9OdWVzdHJhLU1cdTAwZmFzaWNhLVBvcnRhZGExLmpwZyIsInNsaWRlc2hvdyI6ImRjNjAxMWEifQ%3D%3D\" href='https:\/\/moisesdavia.es\/wp-content\/uploads\/2019\/12\/Nuestra-M\u00fasica-Portada1.jpg'><img loading=\"lazy\" decoding=\"async\" width=\"300\" height=\"297\" src=\"https:\/\/moisesdavia.es\/wp-content\/uploads\/2019\/12\/Nuestra-M\u00fasica-Portada1-300x297.jpg\" class=\"attachment-medium size-medium\" alt=\"\" aria-describedby=\"gallery-1-115\" srcset=\"https:\/\/moisesdavia.es\/wp-content\/uploads\/2019\/12\/Nuestra-M\u00fasica-Portada1-300x297.jpg 300w, https:\/\/moisesdavia.es\/wp-content\/uploads\/2019\/12\/Nuestra-M\u00fasica-Portada1-1024x1012.jpg 1024w, https:\/\/moisesdavia.es\/wp-content\/uploads\/2019\/12\/Nuestra-M\u00fasica-Portada1-150x150.jpg 150w, https:\/\/moisesdavia.es\/wp-content\/uploads\/2019\/12\/Nuestra-M\u00fasica-Portada1-768x759.jpg 768w, https:\/\/moisesdavia.es\/wp-content\/uploads\/2019\/12\/Nuestra-M\u00fasica-Portada1-1092x1080.jpg 1092w, https:\/\/moisesdavia.es\/wp-content\/uploads\/2019\/12\/Nuestra-M\u00fasica-Portada1.jpg 1409w\" sizes=\"(max-width: 300px) 100vw, 300px\" \/><\/a>\n\t\t\t<\/dt>\n\t\t\t\t<dd class='wp-caption-text gallery-caption' id='gallery-1-115'>\n\t\t\t\tNuestra M\u00fasica, Les Fogueres de Sant Joan (1997). Banda Sinf\u00f3nica Municipal de Alicante\n\t\t\t\t<\/dd><\/dl><br style=\"clear: both\" \/><dl class='gallery-item'>\n\t\t\t<dt class='gallery-icon landscape'>\n\t\t\t\t<a data-elementor-open-lightbox=\"yes\" data-elementor-lightbox-slideshow=\"dc6011a\" data-elementor-lightbox-title=\"Portada himno denia\" data-e-action-hash=\"#elementor-action%3Aaction%3Dlightbox%26settings%3DeyJpZCI6MTE3LCJ1cmwiOiJodHRwczpcL1wvbW9pc2VzZGF2aWEuZXNcL3dwLWNvbnRlbnRcL3VwbG9hZHNcLzIwMTlcLzEyXC9Qb3J0YWRhLWhpbW5vLWRlbmlhLmpwZyIsInNsaWRlc2hvdyI6ImRjNjAxMWEifQ%3D%3D\" href='https:\/\/moisesdavia.es\/wp-content\/uploads\/2019\/12\/Portada-himno-denia.jpg'><img loading=\"lazy\" decoding=\"async\" width=\"300\" height=\"300\" src=\"https:\/\/moisesdavia.es\/wp-content\/uploads\/2019\/12\/Portada-himno-denia-300x300.jpg\" class=\"attachment-medium size-medium\" alt=\"\" aria-describedby=\"gallery-1-117\" srcset=\"https:\/\/moisesdavia.es\/wp-content\/uploads\/2019\/12\/Portada-himno-denia-300x300.jpg 300w, https:\/\/moisesdavia.es\/wp-content\/uploads\/2019\/12\/Portada-himno-denia-150x150.jpg 150w, https:\/\/moisesdavia.es\/wp-content\/uploads\/2019\/12\/Portada-himno-denia.jpg 450w\" sizes=\"(max-width: 300px) 100vw, 300px\" \/><\/a>\n\t\t\t<\/dt>\n\t\t\t\t<dd class='wp-caption-text gallery-caption' id='gallery-1-117'>\n\t\t\t\tHimno a Denia (1974). Agrupaci\u00f3n Art\u00edstico Musical de Denia y Coral Crevillentina, bajo la direcci\u00f3n de M. Davia\n\t\t\t\t<\/dd><\/dl><dl class='gallery-item'>\n\t\t\t<dt class='gallery-icon landscape'>\n\t\t\t\t<a data-elementor-open-lightbox=\"yes\" data-elementor-lightbox-slideshow=\"dc6011a\" data-elementor-lightbox-title=\"Himno a Santa Pola- Portada\" data-e-action-hash=\"#elementor-action%3Aaction%3Dlightbox%26settings%3DeyJpZCI6MTEzLCJ1cmwiOiJodHRwczpcL1wvbW9pc2VzZGF2aWEuZXNcL3dwLWNvbnRlbnRcL3VwbG9hZHNcLzIwMTlcLzEyXC9IaW1uby1hLVNhbnRhLVBvbGEtUG9ydGFkYS5qcGciLCJzbGlkZXNob3ciOiJkYzYwMTFhIn0%3D\" href='https:\/\/moisesdavia.es\/wp-content\/uploads\/2019\/12\/Himno-a-Santa-Pola-Portada.jpg'><img loading=\"lazy\" decoding=\"async\" width=\"300\" height=\"295\" src=\"https:\/\/moisesdavia.es\/wp-content\/uploads\/2019\/12\/Himno-a-Santa-Pola-Portada-300x295.jpg\" class=\"attachment-medium size-medium\" alt=\"\" aria-describedby=\"gallery-1-113\" srcset=\"https:\/\/moisesdavia.es\/wp-content\/uploads\/2019\/12\/Himno-a-Santa-Pola-Portada-300x295.jpg 300w, https:\/\/moisesdavia.es\/wp-content\/uploads\/2019\/12\/Himno-a-Santa-Pola-Portada-1024x1006.jpg 1024w, https:\/\/moisesdavia.es\/wp-content\/uploads\/2019\/12\/Himno-a-Santa-Pola-Portada-768x754.jpg 768w, https:\/\/moisesdavia.es\/wp-content\/uploads\/2019\/12\/Himno-a-Santa-Pola-Portada-1536x1509.jpg 1536w, https:\/\/moisesdavia.es\/wp-content\/uploads\/2019\/12\/Himno-a-Santa-Pola-Portada-2048x2012.jpg 2048w, https:\/\/moisesdavia.es\/wp-content\/uploads\/2019\/12\/Himno-a-Santa-Pola-Portada-1099x1080.jpg 1099w\" sizes=\"(max-width: 300px) 100vw, 300px\" \/><\/a>\n\t\t\t<\/dt>\n\t\t\t\t<dd class='wp-caption-text gallery-caption' id='gallery-1-113'>\n\t\t\t\tHimno a Santa Pola, Caricia Levantina (1974). Banda Municipal de Alicante y Coral Crevillentina, bajo la direcci\u00f3n de M. Davia\n\t\t\t\t<\/dd><\/dl><dl class='gallery-item'>\n\t\t\t<dt class='gallery-icon landscape'>\n\t\t\t\t<a data-elementor-open-lightbox=\"yes\" data-elementor-lightbox-slideshow=\"dc6011a\" data-elementor-lightbox-title=\"Orden de la dama de Elche - Portada\" data-e-action-hash=\"#elementor-action%3Aaction%3Dlightbox%26settings%3DeyJpZCI6MTE2LCJ1cmwiOiJodHRwczpcL1wvbW9pc2VzZGF2aWEuZXNcL3dwLWNvbnRlbnRcL3VwbG9hZHNcLzIwMTlcLzEyXC9PcmRlbi1kZS1sYS1kYW1hLWRlLUVsY2hlLVBvcnRhZGEuanBnIiwic2xpZGVzaG93IjoiZGM2MDExYSJ9\" href='https:\/\/moisesdavia.es\/wp-content\/uploads\/2019\/12\/Orden-de-la-dama-de-Elche-Portada.jpg'><img loading=\"lazy\" decoding=\"async\" width=\"300\" height=\"293\" src=\"https:\/\/moisesdavia.es\/wp-content\/uploads\/2019\/12\/Orden-de-la-dama-de-Elche-Portada-300x293.jpg\" class=\"attachment-medium size-medium\" alt=\"\" aria-describedby=\"gallery-1-116\" srcset=\"https:\/\/moisesdavia.es\/wp-content\/uploads\/2019\/12\/Orden-de-la-dama-de-Elche-Portada-300x293.jpg 300w, https:\/\/moisesdavia.es\/wp-content\/uploads\/2019\/12\/Orden-de-la-dama-de-Elche-Portada-1024x1000.jpg 1024w, https:\/\/moisesdavia.es\/wp-content\/uploads\/2019\/12\/Orden-de-la-dama-de-Elche-Portada-768x750.jpg 768w, https:\/\/moisesdavia.es\/wp-content\/uploads\/2019\/12\/Orden-de-la-dama-de-Elche-Portada-1536x1500.jpg 1536w, https:\/\/moisesdavia.es\/wp-content\/uploads\/2019\/12\/Orden-de-la-dama-de-Elche-Portada-2048x2000.jpg 2048w, https:\/\/moisesdavia.es\/wp-content\/uploads\/2019\/12\/Orden-de-la-dama-de-Elche-Portada-1106x1080.jpg 1106w\" sizes=\"(max-width: 300px) 100vw, 300px\" \/><\/a>\n\t\t\t<\/dt>\n\t\t\t\t<dd class='wp-caption-text gallery-caption' id='gallery-1-116'>\n\t\t\t\tHimno de la Orden Dama de Elche (1974). Banda Municipal de Alicante y Coral Crevillentina, bajo la direcci\u00f3n de M. Davia\n\t\t\t\t<\/dd><\/dl><dl class='gallery-item'>\n\t\t\t<dt class='gallery-icon landscape'>\n\t\t\t\t<a data-elementor-open-lightbox=\"yes\" data-elementor-lightbox-slideshow=\"dc6011a\" data-elementor-lightbox-title=\"Semana Mayor de Jerez - portada\" data-e-action-hash=\"#elementor-action%3Aaction%3Dlightbox%26settings%3DeyJpZCI6MTE4LCJ1cmwiOiJodHRwczpcL1wvbW9pc2VzZGF2aWEuZXNcL3dwLWNvbnRlbnRcL3VwbG9hZHNcLzIwMTlcLzEyXC9TZW1hbmEtTWF5b3ItZGUtSmVyZXotcG9ydGFkYS5qcGciLCJzbGlkZXNob3ciOiJkYzYwMTFhIn0%3D\" href='https:\/\/moisesdavia.es\/wp-content\/uploads\/2019\/12\/Semana-Mayor-de-Jerez-portada.jpg'><img loading=\"lazy\" decoding=\"async\" width=\"300\" height=\"294\" src=\"https:\/\/moisesdavia.es\/wp-content\/uploads\/2019\/12\/Semana-Mayor-de-Jerez-portada-300x294.jpg\" class=\"attachment-medium size-medium\" alt=\"\" aria-describedby=\"gallery-1-118\" srcset=\"https:\/\/moisesdavia.es\/wp-content\/uploads\/2019\/12\/Semana-Mayor-de-Jerez-portada-300x294.jpg 300w, https:\/\/moisesdavia.es\/wp-content\/uploads\/2019\/12\/Semana-Mayor-de-Jerez-portada-1024x1002.jpg 1024w, https:\/\/moisesdavia.es\/wp-content\/uploads\/2019\/12\/Semana-Mayor-de-Jerez-portada-768x752.jpg 768w, https:\/\/moisesdavia.es\/wp-content\/uploads\/2019\/12\/Semana-Mayor-de-Jerez-portada-1103x1080.jpg 1103w, https:\/\/moisesdavia.es\/wp-content\/uploads\/2019\/12\/Semana-Mayor-de-Jerez-portada.jpg 1464w\" sizes=\"(max-width: 300px) 100vw, 300px\" \/><\/a>\n\t\t\t<\/dt>\n\t\t\t\t<dd class='wp-caption-text gallery-caption' id='gallery-1-118'>\n\t\t\t\tSemana Mayor de Jerez (1995). Marchas Procesionales interpretadas por la Banda Municipal de M\u00fasica de Jerez\n\t\t\t\t<\/dd><\/dl><br style=\"clear: both\" \/>\n\t\t<\/div>\n\t\t<\/div>\n\t\t\t\t\t\t<\/div>\n\t\t\t\t<\/div>\n\t\t\t\t\t<\/div>\n\t\t<\/div>\n\t\t\t\t\t<\/div>\n\t\t<\/section>\n\t\t\t\t<section class=\"elementor-section elementor-top-section elementor-element elementor-element-34980fe elementor-section-boxed elementor-section-height-default elementor-section-height-default\" data-id=\"34980fe\" data-element_type=\"section\" data-e-type=\"section\">\n\t\t\t\t\t\t<div class=\"elementor-container elementor-column-gap-default\">\n\t\t\t\t\t<div class=\"elementor-column elementor-col-100 elementor-top-column elementor-element elementor-element-d33278c\" data-id=\"d33278c\" data-element_type=\"column\" data-e-type=\"column\">\n\t\t\t<div class=\"elementor-widget-wrap elementor-element-populated\">\n\t\t\t\t\t\t<div class=\"elementor-element elementor-element-ac3c0c9 elementor-widget elementor-widget-heading\" data-id=\"ac3c0c9\" data-element_type=\"widget\" data-e-type=\"widget\" data-widget_type=\"heading.default\">\n\t\t\t\t<div class=\"elementor-widget-container\">\n\t\t\t\t\t<h4 class=\"elementor-heading-title elementor-size-default\">CD recopilatorios de obras de Mois\u00e9s Davia\n<\/h4>\t\t\t\t<\/div>\n\t\t\t\t<\/div>\n\t\t\t\t\t<\/div>\n\t\t<\/div>\n\t\t\t\t\t<\/div>\n\t\t<\/section>\n\t\t\t\t<section class=\"elementor-section elementor-top-section elementor-element elementor-element-6d61981 elementor-section-boxed elementor-section-height-default elementor-section-height-default\" data-id=\"6d61981\" data-element_type=\"section\" data-e-type=\"section\">\n\t\t\t\t\t\t<div class=\"elementor-container elementor-column-gap-default\">\n\t\t\t\t\t<div class=\"elementor-column elementor-col-100 elementor-top-column elementor-element elementor-element-dcc9002\" data-id=\"dcc9002\" data-element_type=\"column\" data-e-type=\"column\">\n\t\t\t<div class=\"elementor-widget-wrap elementor-element-populated\">\n\t\t\t\t\t\t<div class=\"elementor-element elementor-element-6b72f9b elementor-widget elementor-widget-text-editor\" data-id=\"6b72f9b\" data-element_type=\"widget\" data-e-type=\"widget\" data-widget_type=\"text-editor.default\">\n\t\t\t\t<div class=\"elementor-widget-container\">\n\t\t\t\t\t\t\t\t\t<p>A partir de obras que ya se encontraban editadas en LPs y CDs, as\u00ed como de otras grabaciones recuperadas y restauradas, en 2009 y posteriormente en 2013 decidimos crear un CD\u00a0<strong>recopilatorio con las principales obras de Mois\u00e9s Davia.<\/strong><\/p><p>Este CD contiene una selecci\u00f3n de 17 obras compuestas por Mois\u00e9s Davia, entre las que se encuentran la \u00abPlegaria a la Santa Faz\u00bb, \u00abBoda Alicantina\u00bb, \u00abCoronaci\u00f3n de Espinas\u00bb, \u00abPaz y Aflicci\u00f3n\u00bb y varios Himnos.<\/p>\t\t\t\t\t\t\t\t<\/div>\n\t\t\t\t<\/div>\n\t\t\t\t<section class=\"elementor-section elementor-inner-section elementor-element elementor-element-5ea462c elementor-section-boxed elementor-section-height-default elementor-section-height-default\" data-id=\"5ea462c\" data-element_type=\"section\" data-e-type=\"section\">\n\t\t\t\t\t\t<div class=\"elementor-container elementor-column-gap-default\">\n\t\t\t\t\t<div class=\"elementor-column elementor-col-50 elementor-inner-column elementor-element elementor-element-7fd8027\" data-id=\"7fd8027\" data-element_type=\"column\" data-e-type=\"column\">\n\t\t\t<div class=\"elementor-widget-wrap elementor-element-populated\">\n\t\t\t\t\t\t<div class=\"elementor-element elementor-element-5d4aa13 elementor-widget elementor-widget-image\" data-id=\"5d4aa13\" data-element_type=\"widget\" data-e-type=\"widget\" data-widget_type=\"image.default\">\n\t\t\t\t<div class=\"elementor-widget-container\">\n\t\t\t\t\t\t\t\t\t\t\t\t<figure class=\"wp-caption\">\n\t\t\t\t\t\t\t\t\t\t\t<a href=\"http:\/\/moisesdavia.es\/wp-content\/uploads\/2019\/12\/Portada-CD-2013.jpg\" data-elementor-open-lightbox=\"yes\" data-elementor-lightbox-title=\"Portada CD 2013\" data-e-action-hash=\"#elementor-action%3Aaction%3Dlightbox%26settings%3DeyJpZCI6MTIzLCJ1cmwiOiJodHRwczpcL1wvbW9pc2VzZGF2aWEuZXNcL3dwLWNvbnRlbnRcL3VwbG9hZHNcLzIwMTlcLzEyXC9Qb3J0YWRhLUNELTIwMTMuanBnIn0%3D\">\n\t\t\t\t\t\t\t<img loading=\"lazy\" decoding=\"async\" width=\"150\" height=\"150\" src=\"https:\/\/moisesdavia.es\/wp-content\/uploads\/2019\/12\/Portada-CD-2013-150x150.jpg\" class=\"attachment-thumbnail size-thumbnail wp-image-123\" alt=\"\" srcset=\"https:\/\/moisesdavia.es\/wp-content\/uploads\/2019\/12\/Portada-CD-2013-150x150.jpg 150w, https:\/\/moisesdavia.es\/wp-content\/uploads\/2019\/12\/Portada-CD-2013-300x300.jpg 300w, https:\/\/moisesdavia.es\/wp-content\/uploads\/2019\/12\/elementor\/thumbs\/Portada-CD-2013-oip76ajns4iliw07wx00psvp15i2y4pv6z0ns982xc.jpg 200w, https:\/\/moisesdavia.es\/wp-content\/uploads\/2019\/12\/Portada-CD-2013.jpg 708w\" sizes=\"(max-width: 150px) 100vw, 150px\" \/>\t\t\t\t\t\t\t\t<\/a>\n\t\t\t\t\t\t\t\t\t\t\t<figcaption class=\"widget-image-caption wp-caption-text\">Portada CD recopilatorio 2013<\/figcaption>\n\t\t\t\t\t\t\t\t\t\t<\/figure>\n\t\t\t\t\t\t\t\t\t<\/div>\n\t\t\t\t<\/div>\n\t\t\t\t\t<\/div>\n\t\t<\/div>\n\t\t\t\t<div class=\"elementor-column elementor-col-50 elementor-inner-column elementor-element elementor-element-7a7d6eb\" data-id=\"7a7d6eb\" data-element_type=\"column\" data-e-type=\"column\">\n\t\t\t<div class=\"elementor-widget-wrap elementor-element-populated\">\n\t\t\t\t\t\t<div class=\"elementor-element elementor-element-7ba7df7 elementor-widget elementor-widget-image\" data-id=\"7ba7df7\" data-element_type=\"widget\" data-e-type=\"widget\" data-widget_type=\"image.default\">\n\t\t\t\t<div class=\"elementor-widget-container\">\n\t\t\t\t\t\t\t\t\t\t\t\t<figure class=\"wp-caption\">\n\t\t\t\t\t\t\t\t\t\t\t<a href=\"http:\/\/moisesdavia.es\/wp-content\/uploads\/2019\/12\/Contraportada-CD-2013.jpg\" data-elementor-open-lightbox=\"yes\" data-elementor-lightbox-title=\"Contraportada CD 2013\" data-e-action-hash=\"#elementor-action%3Aaction%3Dlightbox%26settings%3DeyJpZCI6MTIyLCJ1cmwiOiJodHRwczpcL1wvbW9pc2VzZGF2aWEuZXNcL3dwLWNvbnRlbnRcL3VwbG9hZHNcLzIwMTlcLzEyXC9Db250cmFwb3J0YWRhLUNELTIwMTMuanBnIn0%3D\">\n\t\t\t\t\t\t\t<img loading=\"lazy\" decoding=\"async\" width=\"150\" height=\"150\" src=\"https:\/\/moisesdavia.es\/wp-content\/uploads\/2019\/12\/Contraportada-CD-2013-150x150.jpg\" class=\"attachment-thumbnail size-thumbnail wp-image-122\" alt=\"\" srcset=\"https:\/\/moisesdavia.es\/wp-content\/uploads\/2019\/12\/Contraportada-CD-2013-150x150.jpg 150w, https:\/\/moisesdavia.es\/wp-content\/uploads\/2019\/12\/elementor\/thumbs\/Contraportada-CD-2013-oip769ltlahb7a1l2ele5b48frmpqfm4uud6az9h3k.jpg 200w\" sizes=\"(max-width: 150px) 100vw, 150px\" \/>\t\t\t\t\t\t\t\t<\/a>\n\t\t\t\t\t\t\t\t\t\t\t<figcaption class=\"widget-image-caption wp-caption-text\">Trasera CD recopilatorio 2013<\/figcaption>\n\t\t\t\t\t\t\t\t\t\t<\/figure>\n\t\t\t\t\t\t\t\t\t<\/div>\n\t\t\t\t<\/div>\n\t\t\t\t\t<\/div>\n\t\t<\/div>\n\t\t\t\t\t<\/div>\n\t\t<\/section>\n\t\t\t\t<div class=\"elementor-element elementor-element-f76e001 elementor-widget elementor-widget-text-editor\" data-id=\"f76e001\" data-element_type=\"widget\" data-e-type=\"widget\" data-widget_type=\"text-editor.default\">\n\t\t\t\t<div class=\"elementor-widget-container\">\n\t\t\t\t\t\t\t\t\t<p>Este CD de recopilaci\u00f3n no se ha editado comercialmente, pero se puede descargar en el siguiente enlace:<\/p>\t\t\t\t\t\t\t\t<\/div>\n\t\t\t\t<\/div>\n\t\t\t\t<div class=\"elementor-element elementor-element-8d6c15f elementor-align-center elementor-widget elementor-widget-button\" data-id=\"8d6c15f\" data-element_type=\"widget\" data-e-type=\"widget\" data-widget_type=\"button.default\">\n\t\t\t\t<div class=\"elementor-widget-container\">\n\t\t\t\t\t\t\t\t\t<div class=\"elementor-button-wrapper\">\n\t\t\t\t\t<a class=\"elementor-button elementor-button-link elementor-size-sm\" href=\"https:\/\/drive.google.com\/file\/d\/1j87wMv5HivdbGPvpqPIouF8AkgQOm-ce\/view?usp=sharing\" target=\"_blank\">\n\t\t\t\t\t\t<span class=\"elementor-button-content-wrapper\">\n\t\t\t\t\t\t<span class=\"elementor-button-icon\">\n\t\t\t\t<svg aria-hidden=\"true\" class=\"e-font-icon-svg e-fas-download\" viewBox=\"0 0 512 512\" xmlns=\"http:\/\/www.w3.org\/2000\/svg\"><path d=\"M216 0h80c13.3 0 24 10.7 24 24v168h87.7c17.8 0 26.7 21.5 14.1 34.1L269.7 378.3c-7.5 7.5-19.8 7.5-27.3 0L90.1 226.1c-12.6-12.6-3.7-34.1 14.1-34.1H192V24c0-13.3 10.7-24 24-24zm296 376v112c0 13.3-10.7 24-24 24H24c-13.3 0-24-10.7-24-24V376c0-13.3 10.7-24 24-24h146.7l49 49c20.1 20.1 52.5 20.1 72.6 0l49-49H488c13.3 0 24 10.7 24 24zm-124 88c0-11-9-20-20-20s-20 9-20 20 9 20 20 20 20-9 20-20zm64 0c0-11-9-20-20-20s-20 9-20 20 9 20 20 20 20-9 20-20z\"><\/path><\/svg>\t\t\t<\/span>\n\t\t\t\t\t\t\t\t\t<span class=\"elementor-button-text\">Descargar CD Mois\u00e9s Davia<\/span>\n\t\t\t\t\t<\/span>\n\t\t\t\t\t<\/a>\n\t\t\t\t<\/div>\n\t\t\t\t\t\t\t\t<\/div>\n\t\t\t\t<\/div>\n\t\t\t\t\t<\/div>\n\t\t<\/div>\n\t\t\t\t\t<\/div>\n\t\t<\/section>\n\t\t\t\t<section class=\"elementor-section elementor-top-section elementor-element elementor-element-08a5568 elementor-section-boxed elementor-section-height-default elementor-section-height-default\" data-id=\"08a5568\" data-element_type=\"section\" data-e-type=\"section\">\n\t\t\t\t\t\t<div class=\"elementor-container elementor-column-gap-default\">\n\t\t\t\t\t<div class=\"elementor-column elementor-col-100 elementor-top-column elementor-element elementor-element-fbf4e33\" data-id=\"fbf4e33\" data-element_type=\"column\" data-e-type=\"column\">\n\t\t\t<div class=\"elementor-widget-wrap elementor-element-populated\">\n\t\t\t\t\t\t<div class=\"elementor-element elementor-element-104533c elementor-widget elementor-widget-heading\" data-id=\"104533c\" data-element_type=\"widget\" data-e-type=\"widget\" data-widget_type=\"heading.default\">\n\t\t\t\t<div class=\"elementor-widget-container\">\n\t\t\t\t\t<h4 class=\"elementor-heading-title elementor-size-default\">Canal YouTube<\/h4>\t\t\t\t<\/div>\n\t\t\t\t<\/div>\n\t\t\t\t\t<\/div>\n\t\t<\/div>\n\t\t\t\t\t<\/div>\n\t\t<\/section>\n\t\t\t\t<section class=\"elementor-section elementor-top-section elementor-element elementor-element-89e4c0c elementor-section-boxed elementor-section-height-default elementor-section-height-default\" data-id=\"89e4c0c\" data-element_type=\"section\" data-e-type=\"section\">\n\t\t\t\t\t\t<div class=\"elementor-container elementor-column-gap-default\">\n\t\t\t\t\t<div class=\"elementor-column elementor-col-100 elementor-top-column elementor-element elementor-element-6c0081e\" data-id=\"6c0081e\" data-element_type=\"column\" data-e-type=\"column\">\n\t\t\t<div class=\"elementor-widget-wrap elementor-element-populated\">\n\t\t\t\t\t\t<div class=\"elementor-element elementor-element-3d8549b elementor-widget elementor-widget-text-editor\" data-id=\"3d8549b\" data-element_type=\"widget\" data-e-type=\"widget\" data-widget_type=\"text-editor.default\">\n\t\t\t\t<div class=\"elementor-widget-container\">\n\t\t\t\t\t\t\t\t\t<p>En\u00a0<b>youtube\u00a0<\/b>tambi\u00e9n existen videos con actuaciones de Mois\u00e9s Davia, as\u00ed como numerosas actuaciones de diversas bandas, coros y orquestas interpretando sus obras. En el\u00a0<a href=\"http:\/\/youtube.com\/user\/moisesdavia\" target=\"_blank\" rel=\"noopener\">Canal YouTube de Mois\u00e9s Davia<\/a>\u00a0hemos recopliado los m\u00e1s relevantes:<\/p>\t\t\t\t\t\t\t\t<\/div>\n\t\t\t\t<\/div>\n\t\t\t\t<div class=\"elementor-element elementor-element-7519284 elementor-align-center elementor-widget elementor-widget-button\" data-id=\"7519284\" data-element_type=\"widget\" data-e-type=\"widget\" data-widget_type=\"button.default\">\n\t\t\t\t<div class=\"elementor-widget-container\">\n\t\t\t\t\t\t\t\t\t<div class=\"elementor-button-wrapper\">\n\t\t\t\t\t<a class=\"elementor-button elementor-button-link elementor-size-sm\" href=\"https:\/\/www.youtube.com\/user\/moisesdavia\" target=\"_blank\">\n\t\t\t\t\t\t<span class=\"elementor-button-content-wrapper\">\n\t\t\t\t\t\t<span class=\"elementor-button-icon\">\n\t\t\t\t<svg aria-hidden=\"true\" class=\"e-font-icon-svg e-fab-youtube\" viewBox=\"0 0 576 512\" xmlns=\"http:\/\/www.w3.org\/2000\/svg\"><path d=\"M549.655 124.083c-6.281-23.65-24.787-42.276-48.284-48.597C458.781 64 288 64 288 64S117.22 64 74.629 75.486c-23.497 6.322-42.003 24.947-48.284 48.597-11.412 42.867-11.412 132.305-11.412 132.305s0 89.438 11.412 132.305c6.281 23.65 24.787 41.5 48.284 47.821C117.22 448 288 448 288 448s170.78 0 213.371-11.486c23.497-6.321 42.003-24.171 48.284-47.821 11.412-42.867 11.412-132.305 11.412-132.305s0-89.438-11.412-132.305zm-317.51 213.508V175.185l142.739 81.205-142.739 81.201z\"><\/path><\/svg>\t\t\t<\/span>\n\t\t\t\t\t\t\t\t\t<span class=\"elementor-button-text\">Mois\u00e9s Davia en YouTube<\/span>\n\t\t\t\t\t<\/span>\n\t\t\t\t\t<\/a>\n\t\t\t\t<\/div>\n\t\t\t\t\t\t\t\t<\/div>\n\t\t\t\t<\/div>\n\t\t\t\t\t<\/div>\n\t\t<\/div>\n\t\t\t\t\t<\/div>\n\t\t<\/section>\n\t\t\t\t<section class=\"elementor-section elementor-top-section elementor-element elementor-element-7eb2b82 elementor-section-boxed elementor-section-height-default elementor-section-height-default\" data-id=\"7eb2b82\" data-element_type=\"section\" data-e-type=\"section\">\n\t\t\t\t\t\t<div class=\"elementor-container elementor-column-gap-default\">\n\t\t\t\t\t<div class=\"elementor-column elementor-col-100 elementor-top-column elementor-element elementor-element-f6ca0ff\" data-id=\"f6ca0ff\" data-element_type=\"column\" data-e-type=\"column\">\n\t\t\t<div class=\"elementor-widget-wrap elementor-element-populated\">\n\t\t\t\t\t\t<div class=\"elementor-element elementor-element-16f3c13 elementor-widget elementor-widget-heading\" data-id=\"16f3c13\" data-element_type=\"widget\" data-e-type=\"widget\" data-widget_type=\"heading.default\">\n\t\t\t\t<div class=\"elementor-widget-container\">\n\t\t\t\t\t<h4 class=\"elementor-heading-title elementor-size-default\">Listado completo de obras de Mois\u00e9s Davia<\/h4>\t\t\t\t<\/div>\n\t\t\t\t<\/div>\n\t\t\t\t\t<\/div>\n\t\t<\/div>\n\t\t\t\t\t<\/div>\n\t\t<\/section>\n\t\t\t\t<section class=\"elementor-section elementor-top-section elementor-element elementor-element-2f05eb9 elementor-section-boxed elementor-section-height-default elementor-section-height-default\" data-id=\"2f05eb9\" data-element_type=\"section\" data-e-type=\"section\">\n\t\t\t\t\t\t<div class=\"elementor-container elementor-column-gap-default\">\n\t\t\t\t\t<div class=\"elementor-column elementor-col-100 elementor-top-column elementor-element elementor-element-0d69f86\" data-id=\"0d69f86\" data-element_type=\"column\" data-e-type=\"column\">\n\t\t\t<div class=\"elementor-widget-wrap elementor-element-populated\">\n\t\t\t\t\t\t<div class=\"elementor-element elementor-element-3f96d63 elementor-widget elementor-widget-text-editor\" data-id=\"3f96d63\" data-element_type=\"widget\" data-e-type=\"widget\" data-widget_type=\"text-editor.default\">\n\t\t\t\t<div class=\"elementor-widget-container\">\n\t\t\t\t\t\t\t\t\t<p>El siguiente listado contiene <strong>todas las obras compuestas por el Maestro Davia<\/strong> durante toda su trayectoria profesional, la gran mayor\u00eda registradas en la Sociedad General de Autores y Editores. En este listado se incluyen tambi\u00e9n <strong>enlaces de descarga<\/strong> a todas las <span style=\"text-decoration: underline;\"><strong>partituras<\/strong> <\/span>y <span style=\"text-decoration: underline;\"><strong>archivos de audio<\/strong><\/span> que tenemos disponibles:<\/p><p>\u00a0<\/p>\t\t\t\t\t\t\t\t<\/div>\n\t\t\t\t<\/div>\n\t\t\t\t<div class=\"elementor-element elementor-element-cf53370 elementor-align-center elementor-widget elementor-widget-button\" data-id=\"cf53370\" data-element_type=\"widget\" data-e-type=\"widget\" data-widget_type=\"button.default\">\n\t\t\t\t<div class=\"elementor-widget-container\">\n\t\t\t\t\t\t\t\t\t<div class=\"elementor-button-wrapper\">\n\t\t\t\t\t<a class=\"elementor-button elementor-button-link elementor-size-sm\" href=\"http:\/\/moisesdavia.es\/wp-content\/uploads\/Catalogo-obras-Moises-Davia.pdf\" target=\"_blank\">\n\t\t\t\t\t\t<span class=\"elementor-button-content-wrapper\">\n\t\t\t\t\t\t<span class=\"elementor-button-icon\">\n\t\t\t\t<svg aria-hidden=\"true\" class=\"e-font-icon-svg e-fas-file-download\" viewBox=\"0 0 384 512\" xmlns=\"http:\/\/www.w3.org\/2000\/svg\"><path d=\"M224 136V0H24C10.7 0 0 10.7 0 24v464c0 13.3 10.7 24 24 24h336c13.3 0 24-10.7 24-24V160H248c-13.2 0-24-10.8-24-24zm76.45 211.36l-96.42 95.7c-6.65 6.61-17.39 6.61-24.04 0l-96.42-95.7C73.42 337.29 80.54 320 94.82 320H160v-80c0-8.84 7.16-16 16-16h32c8.84 0 16 7.16 16 16v80h65.18c14.28 0 21.4 17.29 11.27 27.36zM377 105L279.1 7c-4.5-4.5-10.6-7-17-7H256v128h128v-6.1c0-6.3-2.5-12.4-7-16.9z\"><\/path><\/svg>\t\t\t<\/span>\n\t\t\t\t\t\t\t\t\t<span class=\"elementor-button-text\">Listado de obras y enlaces<\/span>\n\t\t\t\t\t<\/span>\n\t\t\t\t\t<\/a>\n\t\t\t\t<\/div>\n\t\t\t\t\t\t\t\t<\/div>\n\t\t\t\t<\/div>\n\t\t\t\t<div class=\"elementor-element elementor-element-52eb37f elementor-widget elementor-widget-text-editor\" data-id=\"52eb37f\" data-element_type=\"widget\" data-e-type=\"widget\" data-widget_type=\"text-editor.default\">\n\t\t\t\t<div class=\"elementor-widget-container\">\n\t\t\t\t\t\t\t\t\t<p><span style=\"text-align: justify;\">A continuaci\u00f3n se muestra un <strong>breve resumen de cada obra<\/strong>, incluyendo tambi\u00e9n enlaces a la partitura, y a v\u00eddeos o archivos de audio que se pueden escuchar desde esta web:\u00a0<\/span><\/p>\t\t\t\t\t\t\t\t<\/div>\n\t\t\t\t<\/div>\n\t\t\t\t\t<\/div>\n\t\t<\/div>\n\t\t\t\t\t<\/div>\n\t\t<\/section>\n\t\t\t\t<section class=\"elementor-section elementor-top-section elementor-element elementor-element-ae09441 elementor-section-boxed elementor-section-height-default elementor-section-height-default\" data-id=\"ae09441\" data-element_type=\"section\" data-e-type=\"section\">\n\t\t\t\t\t\t<div class=\"elementor-container elementor-column-gap-default\">\n\t\t\t\t\t<div class=\"elementor-column elementor-col-100 elementor-top-column elementor-element elementor-element-a51f52e\" data-id=\"a51f52e\" data-element_type=\"column\" data-e-type=\"column\">\n\t\t\t<div class=\"elementor-widget-wrap elementor-element-populated\">\n\t\t\t\t\t\t<div class=\"elementor-element elementor-element-94c6ed3 elementor-widget elementor-widget-text-editor\" data-id=\"94c6ed3\" data-element_type=\"widget\" data-e-type=\"widget\" data-widget_type=\"text-editor.default\">\n\t\t\t\t<div class=\"elementor-widget-container\">\n\t\t\t\t\t\t\t\t\t<p style=\"font-weight: 400;\"><strong>Albacete en la Llanura<\/strong><\/p><p style=\"font-weight: 400;\">Bolero compuesto en 1952, con m\u00fasica y letra de Mois\u00e9s Davia.\u00a0<\/p>\t\t\t\t\t\t\t\t<\/div>\n\t\t\t\t<\/div>\n\t\t\t\t\t<\/div>\n\t\t<\/div>\n\t\t\t\t\t<\/div>\n\t\t<\/section>\n\t\t\t\t<section class=\"elementor-section elementor-top-section elementor-element elementor-element-41b8a6e elementor-section-boxed elementor-section-height-default elementor-section-height-default\" data-id=\"41b8a6e\" data-element_type=\"section\" data-e-type=\"section\">\n\t\t\t\t\t\t<div class=\"elementor-container elementor-column-gap-default\">\n\t\t\t\t\t<div class=\"elementor-column elementor-col-100 elementor-top-column elementor-element elementor-element-c80c563\" data-id=\"c80c563\" data-element_type=\"column\" data-e-type=\"column\">\n\t\t\t<div class=\"elementor-widget-wrap elementor-element-populated\">\n\t\t\t\t\t\t<div class=\"elementor-element elementor-element-e59604d elementor-widget elementor-widget-text-editor\" data-id=\"e59604d\" data-element_type=\"widget\" data-e-type=\"widget\" data-widget_type=\"text-editor.default\">\n\t\t\t\t<div class=\"elementor-widget-container\">\n\t\t\t\t\t\t\t\t\t<p style=\"font-weight: 400;\"><strong>Bebida<\/strong><\/p><p style=\"font-weight: 400;\">Tango compuesto en 1951 por el Maestro Davia, muy popular durante muchos a\u00f1os en la Banda Municipal de Casas Ib\u00e1\u00f1ez.<\/p>\t\t\t\t\t\t\t\t<\/div>\n\t\t\t\t<\/div>\n\t\t\t\t\t<\/div>\n\t\t<\/div>\n\t\t\t\t\t<\/div>\n\t\t<\/section>\n\t\t\t\t<section class=\"elementor-section elementor-top-section elementor-element elementor-element-67cc069 elementor-section-boxed elementor-section-height-default elementor-section-height-default\" data-id=\"67cc069\" data-element_type=\"section\" data-e-type=\"section\">\n\t\t\t\t\t\t<div class=\"elementor-container elementor-column-gap-default\">\n\t\t\t\t\t<div class=\"elementor-column elementor-col-100 elementor-top-column elementor-element elementor-element-645e2fc\" data-id=\"645e2fc\" data-element_type=\"column\" data-e-type=\"column\">\n\t\t\t<div class=\"elementor-widget-wrap elementor-element-populated\">\n\t\t\t\t\t\t<div class=\"elementor-element elementor-element-b4cfa16 elementor-widget elementor-widget-text-editor\" data-id=\"b4cfa16\" data-element_type=\"widget\" data-e-type=\"widget\" data-widget_type=\"text-editor.default\">\n\t\t\t\t<div class=\"elementor-widget-container\">\n\t\t\t\t\t\t\t\t\t<p style=\"font-weight: 400;\"><strong>Boda Alicantina<\/strong><\/p><p style=\"font-weight: 400;\">Pasodoble compuesto en 1967, cuya m\u00fasica y letra son de Mois\u00e9s Davia. Est\u00e1 editado entre otros en el LP y posteriormente CD \u00abAlicante en Fiestas\u00bb, de 1969, donde la Banda Sinf\u00f3nica Municipal de Alicante y la Coral Crevillentina interpretan esta obra bajo la batuta de D. Mois\u00e9s Davia. Es una obra muy escuchada durante la celebraci\u00f3n de las fiestas de Hogueras de San Juan en Alicante. Disponible la\u00a0<a href=\"http:\/\/moisesdavia.es\/wp-content\/uploads\/2019\/12\/Boda-Alicantina-original-Mois\u00e9s-Davia.pdf\" target=\"_blank\" rel=\"noopener\">partitura para coro<\/a> y versi\u00f3n completa <a href=\"http:\/\/moisesdavia.es\/wp-content\/uploads\/2019\/12\/Boda-Alicantina-banda-Mois\u00e9s-Davia.pdf\" target=\"_blank\" rel=\"noopener\">para banda<\/a>.\u00a0<\/p>\t\t\t\t\t\t\t\t<\/div>\n\t\t\t\t<\/div>\n\t\t\t\t<div class=\"elementor-element elementor-element-83cff2f elementor-widget elementor-widget-wp-widget-media_audio\" data-id=\"83cff2f\" data-element_type=\"widget\" data-e-type=\"widget\" data-widget_type=\"wp-widget-media_audio.default\">\n\t\t\t\t<div class=\"elementor-widget-container\">\n\t\t\t\t\t<audio class=\"wp-audio-shortcode\" id=\"audio-47-1\" preload=\"none\" style=\"width: 100%;\" controls=\"controls\"><source type=\"audio\/mpeg\" src=\"https:\/\/moisesdavia.es\/wp-content\/uploads\/2019\/12\/Boda-Alicantina.mp3?_=1\" \/><source type=\"audio\/mpeg\" src=\"http:\/\/moisesdavia.es\/wp-content\/uploads\/2019\/12\/Boda-Alicantina.mp3?_=1\" \/><a href=\"https:\/\/moisesdavia.es\/wp-content\/uploads\/2019\/12\/Boda-Alicantina.mp3\">https:\/\/moisesdavia.es\/wp-content\/uploads\/2019\/12\/Boda-Alicantina.mp3<\/a><\/audio>\t\t\t\t<\/div>\n\t\t\t\t<\/div>\n\t\t\t\t\t<\/div>\n\t\t<\/div>\n\t\t\t\t\t<\/div>\n\t\t<\/section>\n\t\t\t\t<section class=\"elementor-section elementor-top-section elementor-element elementor-element-e2bc466 elementor-section-boxed elementor-section-height-default elementor-section-height-default\" data-id=\"e2bc466\" data-element_type=\"section\" data-e-type=\"section\">\n\t\t\t\t\t\t<div class=\"elementor-container elementor-column-gap-default\">\n\t\t\t\t\t<div class=\"elementor-column elementor-col-100 elementor-top-column elementor-element elementor-element-e2506f6\" data-id=\"e2506f6\" data-element_type=\"column\" data-e-type=\"column\">\n\t\t\t<div class=\"elementor-widget-wrap elementor-element-populated\">\n\t\t\t\t\t\t<div class=\"elementor-element elementor-element-4c7c026 elementor-widget elementor-widget-text-editor\" data-id=\"4c7c026\" data-element_type=\"widget\" data-e-type=\"widget\" data-widget_type=\"text-editor.default\">\n\t\t\t\t<div class=\"elementor-widget-container\">\n\t\t\t\t\t\t\t\t\t<div id=\"meta\" class=\"style-scope ytd-watch-flexy\"><div id=\"meta-contents\" class=\"style-scope ytd-watch-flexy\"><div id=\"container\" class=\"style-scope ytd-video-secondary-info-renderer\"><div id=\"content\" class=\"style-scope ytd-expander\"><div id=\"description\" class=\"style-scope ytd-video-secondary-info-renderer\">En el siguiente v\u00eddeo, la Banda Sinf\u00f3nica Municipal de Alicante interpreta en 1993 \u00abBoda Alicantina\u00bb, bajo la direcci\u00f3n de Mois\u00e9s Davia como director invitado:<\/div><\/div><\/div><\/div><\/div>\t\t\t\t\t\t\t\t<\/div>\n\t\t\t\t<\/div>\n\t\t\t\t<div class=\"elementor-element elementor-element-46a97e6 elementor-widget elementor-widget-video\" data-id=\"46a97e6\" data-element_type=\"widget\" data-e-type=\"widget\" data-settings=\"{&quot;youtube_url&quot;:&quot;https:\\\/\\\/youtu.be\\\/YKQd8LEvNX0&quot;,&quot;video_type&quot;:&quot;youtube&quot;,&quot;controls&quot;:&quot;yes&quot;}\" data-widget_type=\"video.default\">\n\t\t\t\t<div class=\"elementor-widget-container\">\n\t\t\t\t\t\t\t<div class=\"elementor-wrapper elementor-open-inline\">\n\t\t\t<div class=\"elementor-video\"><\/div>\t\t<\/div>\n\t\t\t\t\t\t<\/div>\n\t\t\t\t<\/div>\n\t\t\t\t<div class=\"elementor-element elementor-element-e4d2b7c elementor-widget elementor-widget-text-editor\" data-id=\"e4d2b7c\" data-element_type=\"widget\" data-e-type=\"widget\" data-widget_type=\"text-editor.default\">\n\t\t\t\t<div class=\"elementor-widget-container\">\n\t\t\t\t\t\t\t\t\t<p style=\"font-weight: 400;\"><strong>Cabalgando Vengo<\/strong><\/p><p style=\"font-weight: 400;\">Ranchera, cuya m\u00fasica y letra son de Mois\u00e9s Davia, estrenada con la Coral Crevillentina.<\/p>\t\t\t\t\t\t\t\t<\/div>\n\t\t\t\t<\/div>\n\t\t\t\t\t<\/div>\n\t\t<\/div>\n\t\t\t\t\t<\/div>\n\t\t<\/section>\n\t\t\t\t<section class=\"elementor-section elementor-top-section elementor-element elementor-element-4c6519f elementor-section-boxed elementor-section-height-default elementor-section-height-default\" data-id=\"4c6519f\" data-element_type=\"section\" data-e-type=\"section\">\n\t\t\t\t\t\t<div class=\"elementor-container elementor-column-gap-default\">\n\t\t\t\t\t<div class=\"elementor-column elementor-col-100 elementor-top-column elementor-element elementor-element-44c409f\" data-id=\"44c409f\" data-element_type=\"column\" data-e-type=\"column\">\n\t\t\t<div class=\"elementor-widget-wrap elementor-element-populated\">\n\t\t\t\t\t\t<div class=\"elementor-element elementor-element-4a40f88 elementor-widget elementor-widget-text-editor\" data-id=\"4a40f88\" data-element_type=\"widget\" data-e-type=\"widget\" data-widget_type=\"text-editor.default\">\n\t\t\t\t<div class=\"elementor-widget-container\">\n\t\t\t\t\t\t\t\t\t<p><b>Caballero Andaluz<\/b><\/p><p>Pasodoble, cuya m\u00fasica y letra son de Mois\u00e9s Davia, estrenado en 1958 con el Orfe\u00f3n de Jerez.<\/p>\t\t\t\t\t\t\t\t<\/div>\n\t\t\t\t<\/div>\n\t\t\t\t\t<\/div>\n\t\t<\/div>\n\t\t\t\t\t<\/div>\n\t\t<\/section>\n\t\t\t\t<section class=\"elementor-section elementor-top-section elementor-element elementor-element-b377db7 elementor-section-boxed elementor-section-height-default elementor-section-height-default\" data-id=\"b377db7\" data-element_type=\"section\" data-e-type=\"section\">\n\t\t\t\t\t\t<div class=\"elementor-container elementor-column-gap-default\">\n\t\t\t\t\t<div class=\"elementor-column elementor-col-100 elementor-top-column elementor-element elementor-element-085977e\" data-id=\"085977e\" data-element_type=\"column\" data-e-type=\"column\">\n\t\t\t<div class=\"elementor-widget-wrap elementor-element-populated\">\n\t\t\t\t\t\t<div class=\"elementor-element elementor-element-3488d91 elementor-widget elementor-widget-text-editor\" data-id=\"3488d91\" data-element_type=\"widget\" data-e-type=\"widget\" data-widget_type=\"text-editor.default\">\n\t\t\t\t<div class=\"elementor-widget-container\">\n\t\t\t\t\t\t\t\t\t<p><b>Canto a Madrid<\/b><\/p><p>Obertura para coro y banda compuesta por Mois\u00e9s Davia como despedida al jubilarse como director de la Banda Municipal de Madrid. Fue interpretada por la Banda Sinf\u00f3nica Municipal de Madrid en el concierto dedicado al Maestro Davia que tuvo lugar el 6 de septiembre de 2009 en el Parque de El Retiro de Madrid:<\/p>\t\t\t\t\t\t\t\t<\/div>\n\t\t\t\t<\/div>\n\t\t\t\t<div class=\"elementor-element elementor-element-b0168d1 elementor-widget elementor-widget-wp-widget-media_audio\" data-id=\"b0168d1\" data-element_type=\"widget\" data-e-type=\"widget\" data-widget_type=\"wp-widget-media_audio.default\">\n\t\t\t\t<div class=\"elementor-widget-container\">\n\t\t\t\t\t<audio class=\"wp-audio-shortcode\" id=\"audio-47-2\" preload=\"none\" style=\"width: 100%;\" controls=\"controls\"><source type=\"audio\/mpeg\" src=\"https:\/\/moisesdavia.es\/wp-content\/uploads\/Canto-a-Madrid.mp3?_=2\" \/><source type=\"audio\/mpeg\" src=\"http:\/\/moisesdavia.es\/wp-content\/uploads\/Canto-a-Madrid.mp3?_=2\" \/><a href=\"https:\/\/moisesdavia.es\/wp-content\/uploads\/Canto-a-Madrid.mp3\">https:\/\/moisesdavia.es\/wp-content\/uploads\/Canto-a-Madrid.mp3<\/a><\/audio>\t\t\t\t<\/div>\n\t\t\t\t<\/div>\n\t\t\t\t\t<\/div>\n\t\t<\/div>\n\t\t\t\t\t<\/div>\n\t\t<\/section>\n\t\t\t\t<section class=\"elementor-section elementor-top-section elementor-element elementor-element-6720f07 elementor-section-boxed elementor-section-height-default elementor-section-height-default\" data-id=\"6720f07\" data-element_type=\"section\" data-e-type=\"section\">\n\t\t\t\t\t\t<div class=\"elementor-container elementor-column-gap-default\">\n\t\t\t\t\t<div class=\"elementor-column elementor-col-100 elementor-top-column elementor-element elementor-element-0ce859f\" data-id=\"0ce859f\" data-element_type=\"column\" data-e-type=\"column\">\n\t\t\t<div class=\"elementor-widget-wrap elementor-element-populated\">\n\t\t\t\t\t\t<div class=\"elementor-element elementor-element-3879a0a elementor-widget elementor-widget-text-editor\" data-id=\"3879a0a\" data-element_type=\"widget\" data-e-type=\"widget\" data-widget_type=\"text-editor.default\">\n\t\t\t\t<div class=\"elementor-widget-container\">\n\t\t\t\t\t\t\t\t\t<p><b>Coronaci\u00f3n de Espinas<\/b><\/p><p>Conocida\u00a0<a href=\"http:\/\/moisesdavia.es\/wp-content\/uploads\/2019\/12\/Coronaci\u00f3n-de-Espinas-Mois\u00e9s-Davia.pdf\" target=\"_blank\" rel=\"noopener\">marcha de Semana Santa<\/a>, estrenada en 1958 con la Banda de Jerez, y editada posteriormente en varios \u00e1lbumes recopilatorios de m\u00fasica de Jerez:<\/p>\t\t\t\t\t\t\t\t<\/div>\n\t\t\t\t<\/div>\n\t\t\t\t<div class=\"elementor-element elementor-element-779cb44 elementor-widget elementor-widget-wp-widget-media_audio\" data-id=\"779cb44\" data-element_type=\"widget\" data-e-type=\"widget\" data-widget_type=\"wp-widget-media_audio.default\">\n\t\t\t\t<div class=\"elementor-widget-container\">\n\t\t\t\t\t<audio class=\"wp-audio-shortcode\" id=\"audio-47-3\" preload=\"none\" style=\"width: 100%;\" controls=\"controls\"><source type=\"audio\/mpeg\" src=\"https:\/\/moisesdavia.es\/wp-content\/uploads\/Coronacion-de-Espinas-Banda-del-Maestro-Tejera.mp3?_=3\" \/><source type=\"audio\/mpeg\" src=\"http:\/\/moisesdavia.es\/wp-content\/uploads\/Coronacion-de-Espinas-Banda-del-Maestro-Tejera.mp3?_=3\" \/><a href=\"https:\/\/moisesdavia.es\/wp-content\/uploads\/Coronacion-de-Espinas-Banda-del-Maestro-Tejera.mp3\">https:\/\/moisesdavia.es\/wp-content\/uploads\/Coronacion-de-Espinas-Banda-del-Maestro-Tejera.mp3<\/a><\/audio>\t\t\t\t<\/div>\n\t\t\t\t<\/div>\n\t\t\t\t<div class=\"elementor-element elementor-element-6fd7c6e elementor-widget elementor-widget-text-editor\" data-id=\"6fd7c6e\" data-element_type=\"widget\" data-e-type=\"widget\" data-widget_type=\"text-editor.default\">\n\t\t\t\t<div class=\"elementor-widget-container\">\n\t\t\t\t\t\t\t\t\t<p>Actualmente es una de las marchas m\u00e1s escuchadas en la Semana Santa de Jerez:<\/p>\t\t\t\t\t\t\t\t<\/div>\n\t\t\t\t<\/div>\n\t\t\t\t<div class=\"elementor-element elementor-element-6fd94ea elementor-widget elementor-widget-video\" data-id=\"6fd94ea\" data-element_type=\"widget\" data-e-type=\"widget\" data-settings=\"{&quot;youtube_url&quot;:&quot;https:\\\/\\\/youtu.be\\\/Lasfya95WYI&quot;,&quot;video_type&quot;:&quot;youtube&quot;,&quot;controls&quot;:&quot;yes&quot;}\" data-widget_type=\"video.default\">\n\t\t\t\t<div class=\"elementor-widget-container\">\n\t\t\t\t\t\t\t<div class=\"elementor-wrapper elementor-open-inline\">\n\t\t\t<div class=\"elementor-video\"><\/div>\t\t<\/div>\n\t\t\t\t\t\t<\/div>\n\t\t\t\t<\/div>\n\t\t\t\t\t<\/div>\n\t\t<\/div>\n\t\t\t\t\t<\/div>\n\t\t<\/section>\n\t\t\t\t<section class=\"elementor-section elementor-top-section elementor-element elementor-element-48a8a0e elementor-section-boxed elementor-section-height-default elementor-section-height-default\" data-id=\"48a8a0e\" data-element_type=\"section\" data-e-type=\"section\">\n\t\t\t\t\t\t<div class=\"elementor-container elementor-column-gap-default\">\n\t\t\t\t\t<div class=\"elementor-column elementor-col-100 elementor-top-column elementor-element elementor-element-ce3ba9b\" data-id=\"ce3ba9b\" data-element_type=\"column\" data-e-type=\"column\">\n\t\t\t<div class=\"elementor-widget-wrap elementor-element-populated\">\n\t\t\t\t\t\t<div class=\"elementor-element elementor-element-2a8749f elementor-widget elementor-widget-text-editor\" data-id=\"2a8749f\" data-element_type=\"widget\" data-e-type=\"widget\" data-widget_type=\"text-editor.default\">\n\t\t\t\t<div class=\"elementor-widget-container\">\n\t\t\t\t\t\t\t\t\t<p><b>Crep\u00fasculo<\/b><\/p><p>Impresi\u00f3n Sinf\u00f3nica para orquesta de cuerda, estrenada en 1965 en las Cuevas de Canelobre con la Banda Sinf\u00f3nica Municipal y la Coral Crevillentina.<\/p>\t\t\t\t\t\t\t\t<\/div>\n\t\t\t\t<\/div>\n\t\t\t\t\t<\/div>\n\t\t<\/div>\n\t\t\t\t\t<\/div>\n\t\t<\/section>\n\t\t\t\t<section class=\"elementor-section elementor-top-section elementor-element elementor-element-9edf5da elementor-section-boxed elementor-section-height-default elementor-section-height-default\" data-id=\"9edf5da\" data-element_type=\"section\" data-e-type=\"section\">\n\t\t\t\t\t\t<div class=\"elementor-container elementor-column-gap-default\">\n\t\t\t\t\t<div class=\"elementor-column elementor-col-100 elementor-top-column elementor-element elementor-element-6ee4bd7\" data-id=\"6ee4bd7\" data-element_type=\"column\" data-e-type=\"column\">\n\t\t\t<div class=\"elementor-widget-wrap elementor-element-populated\">\n\t\t\t\t\t\t<div class=\"elementor-element elementor-element-3f0701d elementor-widget elementor-widget-text-editor\" data-id=\"3f0701d\" data-element_type=\"widget\" data-e-type=\"widget\" data-widget_type=\"text-editor.default\">\n\t\t\t\t<div class=\"elementor-widget-container\">\n\t\t\t\t\t\t\t\t\t<p><b>Del Remei a la Gloria<\/b><\/p><p><a href=\"http:\/\/moisesdavia.es\/wp-content\/uploads\/2019\/12\/Del-Remei-a-la-Gloria-Mois\u00e9s-Davia.pdf\" target=\"_blank\" rel=\"noopener\">Pasodoble para coro y banda<\/a>\u00a0de 1978, cuya letra y m\u00fasica son de Mois\u00e9s Davia, himno de la Hoguera Virgen del Remedio de Alicante. En el siguiente v\u00eddeo lo interpreta la Banda Sinf\u00f3nica Municipal de Alicante en 1993, bajo la direcci\u00f3n de Mois\u00e9s Davia como director invitado:<\/p>\t\t\t\t\t\t\t\t<\/div>\n\t\t\t\t<\/div>\n\t\t\t\t<div class=\"elementor-element elementor-element-fdbb21b elementor-widget elementor-widget-video\" data-id=\"fdbb21b\" data-element_type=\"widget\" data-e-type=\"widget\" data-settings=\"{&quot;youtube_url&quot;:&quot;https:\\\/\\\/youtu.be\\\/Px3EOHDlwgs&quot;,&quot;video_type&quot;:&quot;youtube&quot;,&quot;controls&quot;:&quot;yes&quot;}\" data-widget_type=\"video.default\">\n\t\t\t\t<div class=\"elementor-widget-container\">\n\t\t\t\t\t\t\t<div class=\"elementor-wrapper elementor-open-inline\">\n\t\t\t<div class=\"elementor-video\"><\/div>\t\t<\/div>\n\t\t\t\t\t\t<\/div>\n\t\t\t\t<\/div>\n\t\t\t\t<div class=\"elementor-element elementor-element-88b08af elementor-widget elementor-widget-text-editor\" data-id=\"88b08af\" data-element_type=\"widget\" data-e-type=\"widget\" data-widget_type=\"text-editor.default\">\n\t\t\t\t<div class=\"elementor-widget-container\">\n\t\t\t\t\t\t\t\t\t<p><b>Di\u00e1logo de Saxofones<\/b><\/p><p><a href=\"http:\/\/moisesdavia.es\/wp-content\/uploads\/2019\/12\/Dialogo-de-Saxofones-Mois\u00e9s-Davia-editado-2012.pdf\" target=\"_blank\" rel=\"noopener\">Obra de car\u00e1cter contempor\u00e1neo<\/a>\u00a0estrenada en 1980 por la\u00a0Banda de Saxofones de Madrid,\u00a0en la que destaca el virtuosismo de los saxofones:<\/p>\t\t\t\t\t\t\t\t<\/div>\n\t\t\t\t<\/div>\n\t\t\t\t<div class=\"elementor-element elementor-element-1c76c4c elementor-widget elementor-widget-wp-widget-media_audio\" data-id=\"1c76c4c\" data-element_type=\"widget\" data-e-type=\"widget\" data-widget_type=\"wp-widget-media_audio.default\">\n\t\t\t\t<div class=\"elementor-widget-container\">\n\t\t\t\t\t<audio class=\"wp-audio-shortcode\" id=\"audio-47-4\" preload=\"none\" style=\"width: 100%;\" controls=\"controls\"><source type=\"audio\/mpeg\" src=\"https:\/\/moisesdavia.es\/wp-content\/uploads\/Di\u00e1logo-de-Saxofones.mp3?_=4\" \/><source type=\"audio\/mpeg\" src=\"http:\/\/moisesdavia.es\/wp-content\/uploads\/Di\u00e1logo-de-Saxofones.mp3?_=4\" \/><a href=\"https:\/\/moisesdavia.es\/wp-content\/uploads\/Di\u00e1logo-de-Saxofones.mp3\">https:\/\/moisesdavia.es\/wp-content\/uploads\/Di\u00e1logo-de-Saxofones.mp3<\/a><\/audio>\t\t\t\t<\/div>\n\t\t\t\t<\/div>\n\t\t\t\t\t<\/div>\n\t\t<\/div>\n\t\t\t\t\t<\/div>\n\t\t<\/section>\n\t\t\t\t<section class=\"elementor-section elementor-top-section elementor-element elementor-element-9c1b6cf elementor-section-boxed elementor-section-height-default elementor-section-height-default\" data-id=\"9c1b6cf\" data-element_type=\"section\" data-e-type=\"section\">\n\t\t\t\t\t\t<div class=\"elementor-container elementor-column-gap-default\">\n\t\t\t\t\t<div class=\"elementor-column elementor-col-100 elementor-top-column elementor-element elementor-element-27bce66\" data-id=\"27bce66\" data-element_type=\"column\" data-e-type=\"column\">\n\t\t\t<div class=\"elementor-widget-wrap elementor-element-populated\">\n\t\t\t\t\t\t<div class=\"elementor-element elementor-element-1a83ed7 elementor-widget elementor-widget-text-editor\" data-id=\"1a83ed7\" data-element_type=\"widget\" data-e-type=\"widget\" data-widget_type=\"text-editor.default\">\n\t\t\t\t<div class=\"elementor-widget-container\">\n\t\t\t\t\t\t\t\t\t<p>Recientemente\u00a0en 2020 esta obra ha sido adaptada por Aurora Padrino Davia (nieta de Mois\u00e9s Davia) para Ovoe, Corno Ingl\u00e9s y Fagot:<\/p>\t\t\t\t\t\t\t\t<\/div>\n\t\t\t\t<\/div>\n\t\t\t\t<div class=\"elementor-element elementor-element-3a13386 elementor-widget elementor-widget-video\" data-id=\"3a13386\" data-element_type=\"widget\" data-e-type=\"widget\" data-settings=\"{&quot;youtube_url&quot;:&quot;https:\\\/\\\/youtu.be\\\/1EF1WcbRNnU&quot;,&quot;video_type&quot;:&quot;youtube&quot;,&quot;controls&quot;:&quot;yes&quot;}\" data-widget_type=\"video.default\">\n\t\t\t\t<div class=\"elementor-widget-container\">\n\t\t\t\t\t\t\t<div class=\"elementor-wrapper elementor-open-inline\">\n\t\t\t<div class=\"elementor-video\"><\/div>\t\t<\/div>\n\t\t\t\t\t\t<\/div>\n\t\t\t\t<\/div>\n\t\t\t\t<div class=\"elementor-element elementor-element-5b29fbc elementor-widget elementor-widget-text-editor\" data-id=\"5b29fbc\" data-element_type=\"widget\" data-e-type=\"widget\" data-widget_type=\"text-editor.default\">\n\t\t\t\t<div class=\"elementor-widget-container\">\n\t\t\t\t\t\t\t\t\t<p><b>El Abanico\u00a0<\/b><span style=\"font-weight: bold;\">(arreglo de canci\u00f3n popular)<\/span><\/p><p>Arreglo de una canci\u00f3n popular, instrumentada como habanera por el maestro Davia. Ha sido editada en varios recopilatorios de la Coral Crevillentina, bajo la direcci\u00f3n del Maestro Davia:<\/p>\t\t\t\t\t\t\t\t<\/div>\n\t\t\t\t<\/div>\n\t\t\t\t<div class=\"elementor-element elementor-element-ed1cedc elementor-widget elementor-widget-wp-widget-media_audio\" data-id=\"ed1cedc\" data-element_type=\"widget\" data-e-type=\"widget\" data-widget_type=\"wp-widget-media_audio.default\">\n\t\t\t\t<div class=\"elementor-widget-container\">\n\t\t\t\t\t<audio class=\"wp-audio-shortcode\" id=\"audio-47-5\" preload=\"none\" style=\"width: 100%;\" controls=\"controls\"><source type=\"audio\/mpeg\" src=\"https:\/\/moisesdavia.es\/wp-content\/uploads\/El-Abanico.mp3?_=5\" \/><source type=\"audio\/mpeg\" src=\"http:\/\/moisesdavia.es\/wp-content\/uploads\/El-Abanico.mp3?_=5\" \/><a href=\"https:\/\/moisesdavia.es\/wp-content\/uploads\/El-Abanico.mp3\">https:\/\/moisesdavia.es\/wp-content\/uploads\/El-Abanico.mp3<\/a><\/audio>\t\t\t\t<\/div>\n\t\t\t\t<\/div>\n\t\t\t\t\t<\/div>\n\t\t<\/div>\n\t\t\t\t\t<\/div>\n\t\t<\/section>\n\t\t\t\t<section class=\"elementor-section elementor-top-section elementor-element elementor-element-4b8b68b elementor-section-boxed elementor-section-height-default elementor-section-height-default\" data-id=\"4b8b68b\" data-element_type=\"section\" data-e-type=\"section\">\n\t\t\t\t\t\t<div class=\"elementor-container elementor-column-gap-default\">\n\t\t\t\t\t<div class=\"elementor-column elementor-col-100 elementor-top-column elementor-element elementor-element-48051e5\" data-id=\"48051e5\" data-element_type=\"column\" data-e-type=\"column\">\n\t\t\t<div class=\"elementor-widget-wrap elementor-element-populated\">\n\t\t\t\t\t\t<div class=\"elementor-element elementor-element-7cf4fcf elementor-widget elementor-widget-text-editor\" data-id=\"7cf4fcf\" data-element_type=\"widget\" data-e-type=\"widget\" data-widget_type=\"text-editor.default\">\n\t\t\t\t<div class=\"elementor-widget-container\">\n\t\t\t\t\t\t\t\t\t<p><b>El Ni\u00f1o Pobre<\/b><\/p><p><a href=\"http:\/\/moisesdavia.es\/wp-content\/uploads\/2019\/12\/El-Ni\u00f1o-pobre-4-voces-Mois\u00e9s-Davia.pdf\" target=\"_blank\" rel=\"noopener\">Villancico a cuatro voces<\/a>, cuya m\u00fasica y letra son de Mois\u00e9s Davia. Fue estrenado en 1964 e interpretada durante muchos a\u00f1os por la Coral Crevillentina:<\/p>\t\t\t\t\t\t\t\t<\/div>\n\t\t\t\t<\/div>\n\t\t\t\t<div class=\"elementor-element elementor-element-597613a elementor-widget elementor-widget-wp-widget-media_audio\" data-id=\"597613a\" data-element_type=\"widget\" data-e-type=\"widget\" data-widget_type=\"wp-widget-media_audio.default\">\n\t\t\t\t<div class=\"elementor-widget-container\">\n\t\t\t\t\t<audio class=\"wp-audio-shortcode\" id=\"audio-47-6\" preload=\"none\" style=\"width: 100%;\" controls=\"controls\"><source type=\"audio\/mpeg\" src=\"https:\/\/moisesdavia.es\/wp-content\/uploads\/El-Ni\u00f1o-Pobre-Instrumental.mp3?_=6\" \/><source type=\"audio\/mpeg\" src=\"http:\/\/moisesdavia.es\/wp-content\/uploads\/El-Ni\u00f1o-Pobre-Instrumental.mp3?_=6\" \/><a href=\"https:\/\/moisesdavia.es\/wp-content\/uploads\/El-Ni\u00f1o-Pobre-Instrumental.mp3\">https:\/\/moisesdavia.es\/wp-content\/uploads\/El-Ni\u00f1o-Pobre-Instrumental.mp3<\/a><\/audio>\t\t\t\t<\/div>\n\t\t\t\t<\/div>\n\t\t\t\t<div class=\"elementor-element elementor-element-f5cb7b8 elementor-widget elementor-widget-text-editor\" data-id=\"f5cb7b8\" data-element_type=\"widget\" data-e-type=\"widget\" data-widget_type=\"text-editor.default\">\n\t\t\t\t<div class=\"elementor-widget-container\">\n\t\t\t\t\t\t\t\t\t<p>Actualmente es interpretado por numerosas Corales de toda Espa\u00f1a, como la Coral Armiz de Motril o la Coral Frol Nova de Chapela Redondela:<\/p>\t\t\t\t\t\t\t\t<\/div>\n\t\t\t\t<\/div>\n\t\t\t\t<div class=\"elementor-element elementor-element-133427e elementor-widget elementor-widget-video\" data-id=\"133427e\" data-element_type=\"widget\" data-e-type=\"widget\" data-settings=\"{&quot;youtube_url&quot;:&quot;https:\\\/\\\/youtu.be\\\/qskUVYV2trY&quot;,&quot;video_type&quot;:&quot;youtube&quot;,&quot;controls&quot;:&quot;yes&quot;}\" data-widget_type=\"video.default\">\n\t\t\t\t<div class=\"elementor-widget-container\">\n\t\t\t\t\t\t\t<div class=\"elementor-wrapper elementor-open-inline\">\n\t\t\t<div class=\"elementor-video\"><\/div>\t\t<\/div>\n\t\t\t\t\t\t<\/div>\n\t\t\t\t<\/div>\n\t\t\t\t\t<\/div>\n\t\t<\/div>\n\t\t\t\t\t<\/div>\n\t\t<\/section>\n\t\t\t\t<section class=\"elementor-section elementor-top-section elementor-element elementor-element-315d3b2 elementor-section-boxed elementor-section-height-default elementor-section-height-default\" data-id=\"315d3b2\" data-element_type=\"section\" data-e-type=\"section\">\n\t\t\t\t\t\t<div class=\"elementor-container elementor-column-gap-default\">\n\t\t\t\t\t<div class=\"elementor-column elementor-col-100 elementor-top-column elementor-element elementor-element-372cfd0\" data-id=\"372cfd0\" data-element_type=\"column\" data-e-type=\"column\">\n\t\t\t<div class=\"elementor-widget-wrap elementor-element-populated\">\n\t\t\t\t\t\t<div class=\"elementor-element elementor-element-07604c0 elementor-widget elementor-widget-text-editor\" data-id=\"07604c0\" data-element_type=\"widget\" data-e-type=\"widget\" data-widget_type=\"text-editor.default\">\n\t\t\t\t<div class=\"elementor-widget-container\">\n\t\t\t\t\t\t\t\t\t<p><b>El Toro Triunfador<\/b><\/p><p>Obra estrenada en 1956 en el Teatro Villamarta de Jerez.<\/p>\t\t\t\t\t\t\t\t<\/div>\n\t\t\t\t<\/div>\n\t\t\t\t\t<\/div>\n\t\t<\/div>\n\t\t\t\t\t<\/div>\n\t\t<\/section>\n\t\t\t\t<section class=\"elementor-section elementor-top-section elementor-element elementor-element-3645a20 elementor-section-boxed elementor-section-height-default elementor-section-height-default\" data-id=\"3645a20\" data-element_type=\"section\" data-e-type=\"section\">\n\t\t\t\t\t\t<div class=\"elementor-container elementor-column-gap-default\">\n\t\t\t\t\t<div class=\"elementor-column elementor-col-100 elementor-top-column elementor-element elementor-element-6ea2a4b\" data-id=\"6ea2a4b\" data-element_type=\"column\" data-e-type=\"column\">\n\t\t\t<div class=\"elementor-widget-wrap elementor-element-populated\">\n\t\t\t\t\t\t<div class=\"elementor-element elementor-element-9f7fd18 elementor-widget elementor-widget-text-editor\" data-id=\"9f7fd18\" data-element_type=\"widget\" data-e-type=\"widget\" data-widget_type=\"text-editor.default\">\n\t\t\t\t<div class=\"elementor-widget-container\">\n\t\t\t\t\t\t\t\t\t<p><b>Evoluci\u00f3n Sentimental de un Tema Feo<\/b><\/p><p><a href=\"http:\/\/moisesdavia.es\/wp-content\/uploads\/Evoluci%C3%B3n-sentimental-de-un-tema-feo-areglo-de-A.-Gin%C3%A9s-Abell%C3%A1n-Mois%C3%A9s-Davia.pdf\" target=\"_blank\" rel=\"noopener\">Obra para saxofones de car\u00e1cter contempor\u00e1neo<\/a>, interpretada en su estreno por el Cuarteto de Saxofones de la Banda Municipal de Madrid:<\/p>\t\t\t\t\t\t\t\t<\/div>\n\t\t\t\t<\/div>\n\t\t\t\t<div class=\"elementor-element elementor-element-47245b6 elementor-widget elementor-widget-wp-widget-media_audio\" data-id=\"47245b6\" data-element_type=\"widget\" data-e-type=\"widget\" data-widget_type=\"wp-widget-media_audio.default\">\n\t\t\t\t<div class=\"elementor-widget-container\">\n\t\t\t\t\t<audio class=\"wp-audio-shortcode\" id=\"audio-47-7\" preload=\"none\" style=\"width: 100%;\" controls=\"controls\"><source type=\"audio\/mpeg\" src=\"https:\/\/moisesdavia.es\/wp-content\/uploads\/Evolucion-Sentimental-de-un-Tema-Feo.mp3?_=7\" \/><source type=\"audio\/mpeg\" src=\"http:\/\/moisesdavia.es\/wp-content\/uploads\/Evolucion-Sentimental-de-un-Tema-Feo.mp3?_=7\" \/><a href=\"https:\/\/moisesdavia.es\/wp-content\/uploads\/Evolucion-Sentimental-de-un-Tema-Feo.mp3\">https:\/\/moisesdavia.es\/wp-content\/uploads\/Evolucion-Sentimental-de-un-Tema-Feo.mp3<\/a><\/audio>\t\t\t\t<\/div>\n\t\t\t\t<\/div>\n\t\t\t\t\t<\/div>\n\t\t<\/div>\n\t\t\t\t\t<\/div>\n\t\t<\/section>\n\t\t\t\t<section class=\"elementor-section elementor-top-section elementor-element elementor-element-b4f9c9a elementor-section-boxed elementor-section-height-default elementor-section-height-default\" data-id=\"b4f9c9a\" data-element_type=\"section\" data-e-type=\"section\">\n\t\t\t\t\t\t<div class=\"elementor-container elementor-column-gap-default\">\n\t\t\t\t\t<div class=\"elementor-column elementor-col-100 elementor-top-column elementor-element elementor-element-055d42e\" data-id=\"055d42e\" data-element_type=\"column\" data-e-type=\"column\">\n\t\t\t<div class=\"elementor-widget-wrap elementor-element-populated\">\n\t\t\t\t\t\t<div class=\"elementor-element elementor-element-74a2fd8 elementor-widget elementor-widget-text-editor\" data-id=\"74a2fd8\" data-element_type=\"widget\" data-e-type=\"widget\" data-widget_type=\"text-editor.default\">\n\t\t\t\t<div class=\"elementor-widget-container\">\n\t\t\t\t\t\t\t\t\t<p><b>Ha nacido un Hombre<\/b><\/p><p>Nana, cuya letra y m\u00fasica son de Mois\u00e9s Davia.<\/p>\t\t\t\t\t\t\t\t<\/div>\n\t\t\t\t<\/div>\n\t\t\t\t\t<\/div>\n\t\t<\/div>\n\t\t\t\t\t<\/div>\n\t\t<\/section>\n\t\t\t\t<section class=\"elementor-section elementor-top-section elementor-element elementor-element-25b89ca elementor-section-boxed elementor-section-height-default elementor-section-height-default\" data-id=\"25b89ca\" data-element_type=\"section\" data-e-type=\"section\">\n\t\t\t\t\t\t<div class=\"elementor-container elementor-column-gap-default\">\n\t\t\t\t\t<div class=\"elementor-column elementor-col-100 elementor-top-column elementor-element elementor-element-093546b\" data-id=\"093546b\" data-element_type=\"column\" data-e-type=\"column\">\n\t\t\t<div class=\"elementor-widget-wrap elementor-element-populated\">\n\t\t\t\t\t\t<div class=\"elementor-element elementor-element-fef327a elementor-widget elementor-widget-text-editor\" data-id=\"fef327a\" data-element_type=\"widget\" data-e-type=\"widget\" data-widget_type=\"text-editor.default\">\n\t\t\t\t<div class=\"elementor-widget-container\">\n\t\t\t\t\t\t\t\t\t<p><b>Himno a Chinchilla<\/b><\/p><p><a href=\"http:\/\/moisesdavia.es\/wp-content\/uploads\/2019\/12\/Himno-a-Chinchilla-Mois\u00e9s-Davia.pdf\" target=\"_blank\" rel=\"noopener\">Himno a la localidad natal de Mois\u00e9s Davia<\/a>, compuesto en 1949, cuya letra y m\u00fasica son de Mois\u00e9s Davia. Esta obra ha sido incluida en numerosas recopilaciones y se escucha todos los a\u00f1os en Chinchilla en su versi\u00f3n para coro:<\/p>\t\t\t\t\t\t\t\t<\/div>\n\t\t\t\t<\/div>\n\t\t\t\t<div class=\"elementor-element elementor-element-665eee1 elementor-widget elementor-widget-wp-widget-media_audio\" data-id=\"665eee1\" data-element_type=\"widget\" data-e-type=\"widget\" data-widget_type=\"wp-widget-media_audio.default\">\n\t\t\t\t<div class=\"elementor-widget-container\">\n\t\t\t\t\t<audio class=\"wp-audio-shortcode\" id=\"audio-47-8\" preload=\"none\" style=\"width: 100%;\" controls=\"controls\"><source type=\"audio\/mpeg\" src=\"https:\/\/moisesdavia.es\/wp-content\/uploads\/Himno-a-Chinchilla-Orfe\u00f3n-de-la-Mancha.mp3?_=8\" \/><source type=\"audio\/mpeg\" src=\"http:\/\/moisesdavia.es\/wp-content\/uploads\/Himno-a-Chinchilla-Orfe\u00f3n-de-la-Mancha.mp3?_=8\" \/><a href=\"https:\/\/moisesdavia.es\/wp-content\/uploads\/Himno-a-Chinchilla-Orfe\u00f3n-de-la-Mancha.mp3\">https:\/\/moisesdavia.es\/wp-content\/uploads\/Himno-a-Chinchilla-Orfe\u00f3n-de-la-Mancha.mp3<\/a><\/audio>\t\t\t\t<\/div>\n\t\t\t\t<\/div>\n\t\t\t\t<div class=\"elementor-element elementor-element-9268116 elementor-widget elementor-widget-text-editor\" data-id=\"9268116\" data-element_type=\"widget\" data-e-type=\"widget\" data-widget_type=\"text-editor.default\">\n\t\t\t\t<div class=\"elementor-widget-container\">\n\t\t\t\t\t\t\t\t\t<p>O en versi\u00f3n instrumental:<\/p>\t\t\t\t\t\t\t\t<\/div>\n\t\t\t\t<\/div>\n\t\t\t\t<div class=\"elementor-element elementor-element-e1bdeb7 elementor-widget elementor-widget-wp-widget-media_audio\" data-id=\"e1bdeb7\" data-element_type=\"widget\" data-e-type=\"widget\" data-widget_type=\"wp-widget-media_audio.default\">\n\t\t\t\t<div class=\"elementor-widget-container\">\n\t\t\t\t\t<audio class=\"wp-audio-shortcode\" id=\"audio-47-9\" preload=\"none\" style=\"width: 100%;\" controls=\"controls\"><source type=\"audio\/mpeg\" src=\"https:\/\/moisesdavia.es\/wp-content\/uploads\/Himno-a-Chinchilla-Instrumental.mp3?_=9\" \/><source type=\"audio\/mpeg\" src=\"http:\/\/moisesdavia.es\/wp-content\/uploads\/Himno-a-Chinchilla-Instrumental.mp3?_=9\" \/><a href=\"https:\/\/moisesdavia.es\/wp-content\/uploads\/Himno-a-Chinchilla-Instrumental.mp3\">https:\/\/moisesdavia.es\/wp-content\/uploads\/Himno-a-Chinchilla-Instrumental.mp3<\/a><\/audio>\t\t\t\t<\/div>\n\t\t\t\t<\/div>\n\t\t\t\t<div class=\"elementor-element elementor-element-674ab8c elementor-widget elementor-widget-text-editor\" data-id=\"674ab8c\" data-element_type=\"widget\" data-e-type=\"widget\" data-widget_type=\"text-editor.default\">\n\t\t\t\t<div class=\"elementor-widget-container\">\n\t\t\t\t\t\t\t\t\t<p>Disponible tambi\u00e9n las partituras adaptadas para <a href=\"http:\/\/moisesdavia.es\/wp-content\/uploads\/Himno-Chinchilla-Moises-Davia-Voz.pdf\" target=\"_blank\" rel=\"noopener\">voz<\/a>, y para <a href=\"http:\/\/moisesdavia.es\/wp-content\/uploads\/Himno-Chinchilla-Moises-Davia-Voz-y-Piano.pdf\" target=\"_blank\" rel=\"noopener\">voz y piano.<\/a><\/p>\t\t\t\t\t\t\t\t<\/div>\n\t\t\t\t<\/div>\n\t\t\t\t\t<\/div>\n\t\t<\/div>\n\t\t\t\t\t<\/div>\n\t\t<\/section>\n\t\t\t\t<section class=\"elementor-section elementor-top-section elementor-element elementor-element-d27c7db elementor-section-boxed elementor-section-height-default elementor-section-height-default\" data-id=\"d27c7db\" data-element_type=\"section\" data-e-type=\"section\">\n\t\t\t\t\t\t<div class=\"elementor-container elementor-column-gap-default\">\n\t\t\t\t\t<div class=\"elementor-column elementor-col-100 elementor-top-column elementor-element elementor-element-7ffabf8\" data-id=\"7ffabf8\" data-element_type=\"column\" data-e-type=\"column\">\n\t\t\t<div class=\"elementor-widget-wrap elementor-element-populated\">\n\t\t\t\t\t\t<div class=\"elementor-element elementor-element-44f08fd elementor-widget elementor-widget-text-editor\" data-id=\"44f08fd\" data-element_type=\"widget\" data-e-type=\"widget\" data-widget_type=\"text-editor.default\">\n\t\t\t\t<div class=\"elementor-widget-container\">\n\t\t\t\t\t\t\t\t\t<p><b>Himno a Denia<\/b><\/p><p><a href=\"http:\/\/moisesdavia.es\/wp-content\/uploads\/2019\/12\/Himno-a-Denia-Mois\u00e9s-Davia.pdf\" target=\"_blank\" rel=\"noopener\">Himno de esta localidad de la costa alicantina<\/a>, compuesto en 1973. La m\u00fasica es de Mois\u00e9s Davia, la letra de Jaime Salort. Entre otros, ha sido editada en LP por la Agrupaci\u00f3n Art\u00edstica Musical de Denia junto con la Coral Crevillentina en 1974:<\/p>\t\t\t\t\t\t\t\t<\/div>\n\t\t\t\t<\/div>\n\t\t\t\t<div class=\"elementor-element elementor-element-65629cc elementor-widget elementor-widget-wp-widget-media_audio\" data-id=\"65629cc\" data-element_type=\"widget\" data-e-type=\"widget\" data-widget_type=\"wp-widget-media_audio.default\">\n\t\t\t\t<div class=\"elementor-widget-container\">\n\t\t\t\t\t<audio class=\"wp-audio-shortcode\" id=\"audio-47-10\" preload=\"none\" style=\"width: 100%;\" controls=\"controls\"><source type=\"audio\/mpeg\" src=\"https:\/\/moisesdavia.es\/wp-content\/uploads\/Himno-a-Denia.mp3?_=10\" \/><source type=\"audio\/mpeg\" src=\"http:\/\/moisesdavia.es\/wp-content\/uploads\/Himno-a-Denia.mp3?_=10\" \/><a href=\"https:\/\/moisesdavia.es\/wp-content\/uploads\/Himno-a-Denia.mp3\">https:\/\/moisesdavia.es\/wp-content\/uploads\/Himno-a-Denia.mp3<\/a><\/audio>\t\t\t\t<\/div>\n\t\t\t\t<\/div>\n\t\t\t\t\t<\/div>\n\t\t<\/div>\n\t\t\t\t\t<\/div>\n\t\t<\/section>\n\t\t\t\t<section class=\"elementor-section elementor-top-section elementor-element elementor-element-ccb1273 elementor-section-boxed elementor-section-height-default elementor-section-height-default\" data-id=\"ccb1273\" data-element_type=\"section\" data-e-type=\"section\">\n\t\t\t\t\t\t<div class=\"elementor-container elementor-column-gap-default\">\n\t\t\t\t\t<div class=\"elementor-column elementor-col-100 elementor-top-column elementor-element elementor-element-9345ca4\" data-id=\"9345ca4\" data-element_type=\"column\" data-e-type=\"column\">\n\t\t\t<div class=\"elementor-widget-wrap elementor-element-populated\">\n\t\t\t\t\t\t<div class=\"elementor-element elementor-element-6f87e65 elementor-widget elementor-widget-text-editor\" data-id=\"6f87e65\" data-element_type=\"widget\" data-e-type=\"widget\" data-widget_type=\"text-editor.default\">\n\t\t\t\t<div class=\"elementor-widget-container\">\n\t\t\t\t\t\t\t\t\t<p><b>Himno a la Coral Crevillentina<\/b><\/p><p><a href=\"http:\/\/moisesdavia.es\/wp-content\/uploads\/2019\/12\/Himno-Coral-Crevillentina-Mois\u00e9s-Davia.pdf\" target=\"_blank\" rel=\"noopener\">Himno<\/a> compuesto por Mois\u00e9s Davia en homenaje a la Coral Crevillentina de la que fue director durante muchos a\u00f1os.<\/p>\t\t\t\t\t\t\t\t<\/div>\n\t\t\t\t<\/div>\n\t\t\t\t<div class=\"elementor-element elementor-element-952df59 elementor-widget elementor-widget-text-editor\" data-id=\"952df59\" data-element_type=\"widget\" data-e-type=\"widget\" data-widget_type=\"text-editor.default\">\n\t\t\t\t<div class=\"elementor-widget-container\">\n\t\t\t\t\t\t\t\t\t<p><b>Himno a la Vendimia Jerezana<\/b><\/p><p>Himno cuya letra es de Rodrigo de Molina, compuesto en Jerez en 1956 y estrenado en el Teatro Villamarta con la Orquesta y el Orfe\u00f3n Jerezanos. Actualmente se interpreta cada a\u00f1o para anunciar el inicio de la pisada de la uva en Jerez de la Frontera.<\/p>\t\t\t\t\t\t\t\t<\/div>\n\t\t\t\t<\/div>\n\t\t\t\t<div class=\"elementor-element elementor-element-4e9176a elementor-widget elementor-widget-video\" data-id=\"4e9176a\" data-element_type=\"widget\" data-e-type=\"widget\" data-settings=\"{&quot;youtube_url&quot;:&quot;https:\\\/\\\/youtu.be\\\/wr576lAfE98&quot;,&quot;video_type&quot;:&quot;youtube&quot;,&quot;controls&quot;:&quot;yes&quot;}\" data-widget_type=\"video.default\">\n\t\t\t\t<div class=\"elementor-widget-container\">\n\t\t\t\t\t\t\t<div class=\"elementor-wrapper elementor-open-inline\">\n\t\t\t<div class=\"elementor-video\"><\/div>\t\t<\/div>\n\t\t\t\t\t\t<\/div>\n\t\t\t\t<\/div>\n\t\t\t\t\t<\/div>\n\t\t<\/div>\n\t\t\t\t\t<\/div>\n\t\t<\/section>\n\t\t\t\t<section class=\"elementor-section elementor-top-section elementor-element elementor-element-4b2ffeb elementor-section-boxed elementor-section-height-default elementor-section-height-default\" data-id=\"4b2ffeb\" data-element_type=\"section\" data-e-type=\"section\">\n\t\t\t\t\t\t<div class=\"elementor-container elementor-column-gap-default\">\n\t\t\t\t\t<div class=\"elementor-column elementor-col-100 elementor-top-column elementor-element elementor-element-ecafc26\" data-id=\"ecafc26\" data-element_type=\"column\" data-e-type=\"column\">\n\t\t\t<div class=\"elementor-widget-wrap elementor-element-populated\">\n\t\t\t\t\t\t<div class=\"elementor-element elementor-element-d42190e elementor-widget elementor-widget-text-editor\" data-id=\"d42190e\" data-element_type=\"widget\" data-e-type=\"widget\" data-widget_type=\"text-editor.default\">\n\t\t\t\t<div class=\"elementor-widget-container\">\n\t\t\t\t\t\t\t\t\t<p><b>Himno a la Virgen de la Cabeza de Casas Ib\u00e1\u00f1ez<\/b><\/p><p>Himno, cuya m\u00fasica y letra son de Mois\u00e9s Davia:<\/p>\t\t\t\t\t\t\t\t<\/div>\n\t\t\t\t<\/div>\n\t\t\t\t<div class=\"elementor-element elementor-element-3cf4e00 elementor-widget elementor-widget-wp-widget-media_audio\" data-id=\"3cf4e00\" data-element_type=\"widget\" data-e-type=\"widget\" data-widget_type=\"wp-widget-media_audio.default\">\n\t\t\t\t<div class=\"elementor-widget-container\">\n\t\t\t\t\t<audio class=\"wp-audio-shortcode\" id=\"audio-47-11\" preload=\"none\" style=\"width: 100%;\" controls=\"controls\"><source type=\"audio\/mpeg\" src=\"https:\/\/moisesdavia.es\/wp-content\/uploads\/Himno-a-la-Virgen-de-la-Cabeza.mp3?_=11\" \/><source type=\"audio\/mpeg\" src=\"http:\/\/moisesdavia.es\/wp-content\/uploads\/Himno-a-la-Virgen-de-la-Cabeza.mp3?_=11\" \/><a href=\"https:\/\/moisesdavia.es\/wp-content\/uploads\/Himno-a-la-Virgen-de-la-Cabeza.mp3\">https:\/\/moisesdavia.es\/wp-content\/uploads\/Himno-a-la-Virgen-de-la-Cabeza.mp3<\/a><\/audio>\t\t\t\t<\/div>\n\t\t\t\t<\/div>\n\t\t\t\t\t<\/div>\n\t\t<\/div>\n\t\t\t\t\t<\/div>\n\t\t<\/section>\n\t\t\t\t<section class=\"elementor-section elementor-top-section elementor-element elementor-element-ba99aa3 elementor-section-boxed elementor-section-height-default elementor-section-height-default\" data-id=\"ba99aa3\" data-element_type=\"section\" data-e-type=\"section\">\n\t\t\t\t\t\t<div class=\"elementor-container elementor-column-gap-default\">\n\t\t\t\t\t<div class=\"elementor-column elementor-col-100 elementor-top-column elementor-element elementor-element-8664c34\" data-id=\"8664c34\" data-element_type=\"column\" data-e-type=\"column\">\n\t\t\t<div class=\"elementor-widget-wrap elementor-element-populated\">\n\t\t\t\t\t\t<div class=\"elementor-element elementor-element-42cd8ef elementor-widget elementor-widget-text-editor\" data-id=\"42cd8ef\" data-element_type=\"widget\" data-e-type=\"widget\" data-widget_type=\"text-editor.default\">\n\t\t\t\t<div class=\"elementor-widget-container\">\n\t\t\t\t\t\t\t\t\t<p><b>Himno<\/b>\u00a0<b>a<\/b>\u00a0<b>Maseros<\/b><\/p><p>Himno para coro y banda de 1977, cuya letra y m\u00fasica son de Mois\u00e9s Davia.<\/p>\t\t\t\t\t\t\t\t<\/div>\n\t\t\t\t<\/div>\n\t\t\t\t\t<\/div>\n\t\t<\/div>\n\t\t\t\t\t<\/div>\n\t\t<\/section>\n\t\t\t\t<section class=\"elementor-section elementor-top-section elementor-element elementor-element-b97906f elementor-section-boxed elementor-section-height-default elementor-section-height-default\" data-id=\"b97906f\" data-element_type=\"section\" data-e-type=\"section\">\n\t\t\t\t\t\t<div class=\"elementor-container elementor-column-gap-default\">\n\t\t\t\t\t<div class=\"elementor-column elementor-col-100 elementor-top-column elementor-element elementor-element-7c3ef90\" data-id=\"7c3ef90\" data-element_type=\"column\" data-e-type=\"column\">\n\t\t\t<div class=\"elementor-widget-wrap elementor-element-populated\">\n\t\t\t\t\t\t<div class=\"elementor-element elementor-element-009b358 elementor-widget elementor-widget-text-editor\" data-id=\"009b358\" data-element_type=\"widget\" data-e-type=\"widget\" data-widget_type=\"text-editor.default\">\n\t\t\t\t<div class=\"elementor-widget-container\">\n\t\t\t\t\t\t\t\t\t<p><b>Himno\u00a0a\u00a0Santa\u00a0Pola<\/b><\/p><p><a href=\"http:\/\/moisesdavia.es\/wp-content\/uploads\/2019\/12\/Himno-a-Santa-Pola-Mois\u00e9s-Davia.pdf\" target=\"_blank\" rel=\"noopener\">Himno de esta localidad alicantina<\/a>, de 1974. La m\u00fasica es de Mois\u00e9s Davia, y la letra de Maruja Sempere. Esta editado en varias recopilaciones, entre ellos el LP grabado por la\u00a0Banda Municipal de Alicante con la Coral Crevillentina, dirigidos por Mois\u00e9s Davia:<\/p>\t\t\t\t\t\t\t\t<\/div>\n\t\t\t\t<\/div>\n\t\t\t\t<div class=\"elementor-element elementor-element-9ee445c elementor-widget elementor-widget-wp-widget-media_audio\" data-id=\"9ee445c\" data-element_type=\"widget\" data-e-type=\"widget\" data-widget_type=\"wp-widget-media_audio.default\">\n\t\t\t\t<div class=\"elementor-widget-container\">\n\t\t\t\t\t<audio class=\"wp-audio-shortcode\" id=\"audio-47-12\" preload=\"none\" style=\"width: 100%;\" controls=\"controls\"><source type=\"audio\/mpeg\" src=\"https:\/\/moisesdavia.es\/wp-content\/uploads\/Himno-a-Santa-Pola.mp3?_=12\" \/><source type=\"audio\/mpeg\" src=\"http:\/\/moisesdavia.es\/wp-content\/uploads\/Himno-a-Santa-Pola.mp3?_=12\" \/><a href=\"https:\/\/moisesdavia.es\/wp-content\/uploads\/Himno-a-Santa-Pola.mp3\">https:\/\/moisesdavia.es\/wp-content\/uploads\/Himno-a-Santa-Pola.mp3<\/a><\/audio>\t\t\t\t<\/div>\n\t\t\t\t<\/div>\n\t\t\t\t<div class=\"elementor-element elementor-element-dfe666c elementor-widget elementor-widget-text-editor\" data-id=\"dfe666c\" data-element_type=\"widget\" data-e-type=\"widget\" data-widget_type=\"text-editor.default\">\n\t\t\t\t<div class=\"elementor-widget-container\">\n\t\t\t\t\t\t\t\t\t<p>Adaptado al piano por Federico Valero:<\/p>\t\t\t\t\t\t\t\t<\/div>\n\t\t\t\t<\/div>\n\t\t\t\t<div class=\"elementor-element elementor-element-58a2c55 elementor-widget elementor-widget-wp-widget-media_audio\" data-id=\"58a2c55\" data-element_type=\"widget\" data-e-type=\"widget\" data-widget_type=\"wp-widget-media_audio.default\">\n\t\t\t\t<div class=\"elementor-widget-container\">\n\t\t\t\t\t<audio class=\"wp-audio-shortcode\" id=\"audio-47-13\" preload=\"none\" style=\"width: 100%;\" controls=\"controls\"><source type=\"audio\/mpeg\" src=\"https:\/\/moisesdavia.es\/wp-content\/uploads\/Himno-a-Santa-Pola-Piano.mp3?_=13\" \/><source type=\"audio\/mpeg\" src=\"http:\/\/moisesdavia.es\/wp-content\/uploads\/Himno-a-Santa-Pola-Piano.mp3?_=13\" \/><a href=\"https:\/\/moisesdavia.es\/wp-content\/uploads\/Himno-a-Santa-Pola-Piano.mp3\">https:\/\/moisesdavia.es\/wp-content\/uploads\/Himno-a-Santa-Pola-Piano.mp3<\/a><\/audio>\t\t\t\t<\/div>\n\t\t\t\t<\/div>\n\t\t\t\t\t<\/div>\n\t\t<\/div>\n\t\t\t\t\t<\/div>\n\t\t<\/section>\n\t\t\t\t<section class=\"elementor-section elementor-top-section elementor-element elementor-element-aeb1b09 elementor-section-boxed elementor-section-height-default elementor-section-height-default\" data-id=\"aeb1b09\" data-element_type=\"section\" data-e-type=\"section\">\n\t\t\t\t\t\t<div class=\"elementor-container elementor-column-gap-default\">\n\t\t\t\t\t<div class=\"elementor-column elementor-col-100 elementor-top-column elementor-element elementor-element-37e718d\" data-id=\"37e718d\" data-element_type=\"column\" data-e-type=\"column\">\n\t\t\t<div class=\"elementor-widget-wrap elementor-element-populated\">\n\t\t\t\t\t\t<div class=\"elementor-element elementor-element-4a4791a elementor-widget elementor-widget-text-editor\" data-id=\"4a4791a\" data-element_type=\"widget\" data-e-type=\"widget\" data-widget_type=\"text-editor.default\">\n\t\t\t\t<div class=\"elementor-widget-container\">\n\t\t\t\t\t\t\t\t\t<p><b>Himno al Atl\u00e9tico Iba\u00f1\u00e9s<\/b><\/p><p><a href=\"http:\/\/moisesdavia.es\/wp-content\/uploads\/2019\/12\/Himno-al-Atl\u00e9tico-Iba\u00f1\u00e9s-Mois\u00e9s-Davia.pdf\" target=\"_blank\" rel=\"noopener\">Himno compuesto<\/a>\u00a0por el Maestro Davia para el equipo de f\u00fatbol de Casas Iba\u00f1ez (Albacete).<\/p>\t\t\t\t\t\t\t\t<\/div>\n\t\t\t\t<\/div>\n\t\t\t\t\t<\/div>\n\t\t<\/div>\n\t\t\t\t\t<\/div>\n\t\t<\/section>\n\t\t\t\t<section class=\"elementor-section elementor-top-section elementor-element elementor-element-385d848 elementor-section-boxed elementor-section-height-default elementor-section-height-default\" data-id=\"385d848\" data-element_type=\"section\" data-e-type=\"section\">\n\t\t\t\t\t\t<div class=\"elementor-container elementor-column-gap-default\">\n\t\t\t\t\t<div class=\"elementor-column elementor-col-100 elementor-top-column elementor-element elementor-element-cab3d17\" data-id=\"cab3d17\" data-element_type=\"column\" data-e-type=\"column\">\n\t\t\t<div class=\"elementor-widget-wrap elementor-element-populated\">\n\t\t\t\t\t\t<div class=\"elementor-element elementor-element-6bc6773 elementor-widget elementor-widget-text-editor\" data-id=\"6bc6773\" data-element_type=\"widget\" data-e-type=\"widget\" data-widget_type=\"text-editor.default\">\n\t\t\t\t<div class=\"elementor-widget-container\">\n\t\t\t\t\t\t\t\t\t<p><b>Himno de la Orden de la Dama de Elche<\/b><\/p><p><a href=\"http:\/\/moisesdavia.es\/wp-content\/uploads\/2019\/12\/Orden-de-la-dama-de-Elche-Mois\u00e9s-Davia.pdf\" target=\"_blank\" rel=\"noopener\">Himno de esta Orden<\/a>, cuya letra y m\u00fasica fueron compuestas por Mois\u00e9s Davia en 1974. Editado en varios formatos, entre ellos el LP grabado por la Banda Municipal de Alicante con la Coral Crevillentina, dirigidos por Mois\u00e9s Davia:<\/p>\t\t\t\t\t\t\t\t<\/div>\n\t\t\t\t<\/div>\n\t\t\t\t<div class=\"elementor-element elementor-element-09cbe51 elementor-widget elementor-widget-wp-widget-media_audio\" data-id=\"09cbe51\" data-element_type=\"widget\" data-e-type=\"widget\" data-widget_type=\"wp-widget-media_audio.default\">\n\t\t\t\t<div class=\"elementor-widget-container\">\n\t\t\t\t\t<audio class=\"wp-audio-shortcode\" id=\"audio-47-14\" preload=\"none\" style=\"width: 100%;\" controls=\"controls\"><source type=\"audio\/mpeg\" src=\"https:\/\/moisesdavia.es\/wp-content\/uploads\/Himno-de-la-Orden-de-la-Dama-de-Elche-1.mp3?_=14\" \/><source type=\"audio\/mpeg\" src=\"http:\/\/moisesdavia.es\/wp-content\/uploads\/Himno-de-la-Orden-de-la-Dama-de-Elche-1.mp3?_=14\" \/><a href=\"https:\/\/moisesdavia.es\/wp-content\/uploads\/Himno-de-la-Orden-de-la-Dama-de-Elche-1.mp3\">https:\/\/moisesdavia.es\/wp-content\/uploads\/Himno-de-la-Orden-de-la-Dama-de-Elche-1.mp3<\/a><\/audio>\t\t\t\t<\/div>\n\t\t\t\t<\/div>\n\t\t\t\t\t<\/div>\n\t\t<\/div>\n\t\t\t\t\t<\/div>\n\t\t<\/section>\n\t\t\t\t<section class=\"elementor-section elementor-top-section elementor-element elementor-element-53b484a elementor-section-boxed elementor-section-height-default elementor-section-height-default\" data-id=\"53b484a\" data-element_type=\"section\" data-e-type=\"section\">\n\t\t\t\t\t\t<div class=\"elementor-container elementor-column-gap-default\">\n\t\t\t\t\t<div class=\"elementor-column elementor-col-100 elementor-top-column elementor-element elementor-element-f47dc0c\" data-id=\"f47dc0c\" data-element_type=\"column\" data-e-type=\"column\">\n\t\t\t<div class=\"elementor-widget-wrap elementor-element-populated\">\n\t\t\t\t\t\t<div class=\"elementor-element elementor-element-db9144f elementor-widget elementor-widget-text-editor\" data-id=\"db9144f\" data-element_type=\"widget\" data-e-type=\"widget\" data-widget_type=\"text-editor.default\">\n\t\t\t\t<div class=\"elementor-widget-container\">\n\t\t\t\t\t\t\t\t\t<p><b>Himno de la Orquesta y Coro de Jerez<\/b><\/p><p>Himno de estas dos agrupaciones fundadas por Mois\u00e9s Davia. Fue estrenado en 1961 en el teatro de Jerez.<\/p>\t\t\t\t\t\t\t\t<\/div>\n\t\t\t\t<\/div>\n\t\t\t\t\t<\/div>\n\t\t<\/div>\n\t\t\t\t\t<\/div>\n\t\t<\/section>\n\t\t\t\t<section class=\"elementor-section elementor-top-section elementor-element elementor-element-21effcb elementor-section-boxed elementor-section-height-default elementor-section-height-default\" data-id=\"21effcb\" data-element_type=\"section\" data-e-type=\"section\">\n\t\t\t\t\t\t<div class=\"elementor-container elementor-column-gap-default\">\n\t\t\t\t\t<div class=\"elementor-column elementor-col-100 elementor-top-column elementor-element elementor-element-46d4f80\" data-id=\"46d4f80\" data-element_type=\"column\" data-e-type=\"column\">\n\t\t\t<div class=\"elementor-widget-wrap elementor-element-populated\">\n\t\t\t\t\t\t<div class=\"elementor-element elementor-element-41adec4 elementor-widget elementor-widget-text-editor\" data-id=\"41adec4\" data-element_type=\"widget\" data-e-type=\"widget\" data-widget_type=\"text-editor.default\">\n\t\t\t\t<div class=\"elementor-widget-container\">\n\t\t\t\t\t\t\t\t\t<p><b>Hoguera de Calvo Sotelo<\/b><\/p><p><a href=\"http:\/\/moisesdavia.es\/wp-content\/uploads\/2019\/12\/Hoguera-de-Calvo-Sotelo-Mois\u00e9s-Davia.pdf\" target=\"_blank\" rel=\"noopener\">Pasodoble para coro y banda<\/a> de 1979 (<a href=\"http:\/\/moisesdavia.es\/wp-content\/uploads\/Hoguera-Calvo-Sotelo-partes.pdf\">Hoguera Calvo Sotelo-partes<\/a>), himno de esta hoguera alicantina. Actualmente se interpreta en numerosas ocasiones con motivo de las fiestas de Alicante:<\/p>\t\t\t\t\t\t\t\t<\/div>\n\t\t\t\t<\/div>\n\t\t\t\t<div class=\"elementor-element elementor-element-5c758ce elementor-widget elementor-widget-wp-widget-media_audio\" data-id=\"5c758ce\" data-element_type=\"widget\" data-e-type=\"widget\" data-widget_type=\"wp-widget-media_audio.default\">\n\t\t\t\t<div class=\"elementor-widget-container\">\n\t\t\t\t\t<audio class=\"wp-audio-shortcode\" id=\"audio-47-15\" preload=\"none\" style=\"width: 100%;\" controls=\"controls\"><source type=\"audio\/mpeg\" src=\"https:\/\/moisesdavia.es\/wp-content\/uploads\/Hoguera-de-Calvo-Sotelo-Mois\u00e9s-Davia-2018.mp3?_=15\" \/><source type=\"audio\/mpeg\" src=\"http:\/\/moisesdavia.es\/wp-content\/uploads\/Hoguera-de-Calvo-Sotelo-Mois\u00e9s-Davia-2018.mp3?_=15\" \/><a href=\"https:\/\/moisesdavia.es\/wp-content\/uploads\/Hoguera-de-Calvo-Sotelo-Mois\u00e9s-Davia-2018.mp3\">https:\/\/moisesdavia.es\/wp-content\/uploads\/Hoguera-de-Calvo-Sotelo-Mois\u00e9s-Davia-2018.mp3<\/a><\/audio>\t\t\t\t<\/div>\n\t\t\t\t<\/div>\n\t\t\t\t\t<\/div>\n\t\t<\/div>\n\t\t\t\t\t<\/div>\n\t\t<\/section>\n\t\t\t\t<section class=\"elementor-section elementor-top-section elementor-element elementor-element-a98562b elementor-section-boxed elementor-section-height-default elementor-section-height-default\" data-id=\"a98562b\" data-element_type=\"section\" data-e-type=\"section\">\n\t\t\t\t\t\t<div class=\"elementor-container elementor-column-gap-default\">\n\t\t\t\t\t<div class=\"elementor-column elementor-col-100 elementor-top-column elementor-element elementor-element-82d2a7e\" data-id=\"82d2a7e\" data-element_type=\"column\" data-e-type=\"column\">\n\t\t\t<div class=\"elementor-widget-wrap elementor-element-populated\">\n\t\t\t\t\t\t<div class=\"elementor-element elementor-element-56a79af elementor-widget elementor-widget-text-editor\" data-id=\"56a79af\" data-element_type=\"widget\" data-e-type=\"widget\" data-widget_type=\"text-editor.default\">\n\t\t\t\t<div class=\"elementor-widget-container\">\n\t\t\t\t\t\t\t\t\t<p><b>Hoguera de Maisonnave<\/b><\/p><p><a href=\"http:\/\/moisesdavia.es\/wp-content\/uploads\/2019\/12\/Hoguera-de-Maisonnave-Mois\u00e9s-Davia.pdf\" target=\"_blank\" rel=\"noopener\">Himno de esta hoguera alicantina<\/a>, el cual se puede escuchar en numerosas ocasiones con motivo de las fiestas de Hogueras en Alicante. Est\u00e1 editado en varias recopilaciones de m\u00fasica de hogueras, entre ellas el CD \u00abNuestra M\u00fasica\u00bb editado por la Banda Sinf\u00f3nica Municipal de Alicante:<\/p>\t\t\t\t\t\t\t\t<\/div>\n\t\t\t\t<\/div>\n\t\t\t\t<div class=\"elementor-element elementor-element-8719cea elementor-widget elementor-widget-wp-widget-media_audio\" data-id=\"8719cea\" data-element_type=\"widget\" data-e-type=\"widget\" data-widget_type=\"wp-widget-media_audio.default\">\n\t\t\t\t<div class=\"elementor-widget-container\">\n\t\t\t\t\t<audio class=\"wp-audio-shortcode\" id=\"audio-47-16\" preload=\"none\" style=\"width: 100%;\" controls=\"controls\"><source type=\"audio\/mpeg\" src=\"https:\/\/moisesdavia.es\/wp-content\/uploads\/Hoguera-de-Maisonnave.mp3?_=16\" \/><source type=\"audio\/mpeg\" src=\"http:\/\/moisesdavia.es\/wp-content\/uploads\/Hoguera-de-Maisonnave.mp3?_=16\" \/><a href=\"https:\/\/moisesdavia.es\/wp-content\/uploads\/Hoguera-de-Maisonnave.mp3\">https:\/\/moisesdavia.es\/wp-content\/uploads\/Hoguera-de-Maisonnave.mp3<\/a><\/audio>\t\t\t\t<\/div>\n\t\t\t\t<\/div>\n\t\t\t\t<div class=\"elementor-element elementor-element-4aab7ce elementor-widget elementor-widget-text-editor\" data-id=\"4aab7ce\" data-element_type=\"widget\" data-e-type=\"widget\" data-widget_type=\"text-editor.default\">\n\t\t\t\t<div class=\"elementor-widget-container\">\n\t\t\t\t\t\t\t\t\t<p>Fue estrenado en 1993 por la Banda Sinf\u00f3nica Municipal de Alicante con Mois\u00e9s Davia como director invitado:<\/p>\t\t\t\t\t\t\t\t<\/div>\n\t\t\t\t<\/div>\n\t\t\t\t<div class=\"elementor-element elementor-element-c93c688 elementor-widget elementor-widget-video\" data-id=\"c93c688\" data-element_type=\"widget\" data-e-type=\"widget\" data-settings=\"{&quot;youtube_url&quot;:&quot;https:\\\/\\\/youtu.be\\\/d0MP-htCQqM&quot;,&quot;video_type&quot;:&quot;youtube&quot;,&quot;controls&quot;:&quot;yes&quot;}\" data-widget_type=\"video.default\">\n\t\t\t\t<div class=\"elementor-widget-container\">\n\t\t\t\t\t\t\t<div class=\"elementor-wrapper elementor-open-inline\">\n\t\t\t<div class=\"elementor-video\"><\/div>\t\t<\/div>\n\t\t\t\t\t\t<\/div>\n\t\t\t\t<\/div>\n\t\t\t\t\t<\/div>\n\t\t<\/div>\n\t\t\t\t\t<\/div>\n\t\t<\/section>\n\t\t\t\t<section class=\"elementor-section elementor-top-section elementor-element elementor-element-e42a95a elementor-section-boxed elementor-section-height-default elementor-section-height-default\" data-id=\"e42a95a\" data-element_type=\"section\" data-e-type=\"section\">\n\t\t\t\t\t\t<div class=\"elementor-container elementor-column-gap-default\">\n\t\t\t\t\t<div class=\"elementor-column elementor-col-100 elementor-top-column elementor-element elementor-element-ffb57be\" data-id=\"ffb57be\" data-element_type=\"column\" data-e-type=\"column\">\n\t\t\t<div class=\"elementor-widget-wrap elementor-element-populated\">\n\t\t\t\t\t\t<div class=\"elementor-element elementor-element-1108741 elementor-widget elementor-widget-text-editor\" data-id=\"1108741\" data-element_type=\"widget\" data-e-type=\"widget\" data-widget_type=\"text-editor.default\">\n\t\t\t\t<div class=\"elementor-widget-container\">\n\t\t\t\t\t\t\t\t\t<p><b>La Cueva Cristalina<\/b><\/p><p><a href=\"http:\/\/moisesdavia.es\/wp-content\/uploads\/La-Cueva-Cristalina-Mois\u00e9s-Davia.pdf\" target=\"_blank\" rel=\"noopener\">Obertura sinf\u00f3nica<\/a> de 1951, inspirada en una cueva del mismo nombre que existe en las proximidades de Chinchilla. Se considera una de las mejores obras compuestas por Mois\u00e9s Davia, y normalmente se incluye en los conciertos dedicados al Maestro Davia como el celebrado por la Banda Sinf\u00f3nica Municipal de Madrid en septiembre de 2009, el de la Banda Sinf\u00f3nica Municipal de Alicante en julio de 2013, y el de la Agrupaci\u00f3n Musical Virgen de las Nieves de Chinchilla, por el centenario de Mois\u00e9s Davia en 2022:<\/p>\t\t\t\t\t\t\t\t<\/div>\n\t\t\t\t<\/div>\n\t\t\t\t<div class=\"elementor-element elementor-element-ca4d4fd elementor-widget elementor-widget-wp-widget-media_audio\" data-id=\"ca4d4fd\" data-element_type=\"widget\" data-e-type=\"widget\" data-widget_type=\"wp-widget-media_audio.default\">\n\t\t\t\t<div class=\"elementor-widget-container\">\n\t\t\t\t\t<audio class=\"wp-audio-shortcode\" id=\"audio-47-17\" preload=\"none\" style=\"width: 100%;\" controls=\"controls\"><source type=\"audio\/mpeg\" src=\"https:\/\/moisesdavia.es\/wp-content\/uploads\/La-Cueva-Cristalina-BSMM-2009.mp3?_=17\" \/><source type=\"audio\/mpeg\" src=\"http:\/\/moisesdavia.es\/wp-content\/uploads\/La-Cueva-Cristalina-BSMM-2009.mp3?_=17\" \/><a href=\"https:\/\/moisesdavia.es\/wp-content\/uploads\/La-Cueva-Cristalina-BSMM-2009.mp3\">https:\/\/moisesdavia.es\/wp-content\/uploads\/La-Cueva-Cristalina-BSMM-2009.mp3<\/a><\/audio>\t\t\t\t<\/div>\n\t\t\t\t<\/div>\n\t\t\t\t\t<\/div>\n\t\t<\/div>\n\t\t\t\t\t<\/div>\n\t\t<\/section>\n\t\t\t\t<section class=\"elementor-section elementor-top-section elementor-element elementor-element-c4ac9b9 elementor-section-boxed elementor-section-height-default elementor-section-height-default\" data-id=\"c4ac9b9\" data-element_type=\"section\" data-e-type=\"section\">\n\t\t\t\t\t\t<div class=\"elementor-container elementor-column-gap-default\">\n\t\t\t\t\t<div class=\"elementor-column elementor-col-100 elementor-top-column elementor-element elementor-element-ff3c29d\" data-id=\"ff3c29d\" data-element_type=\"column\" data-e-type=\"column\">\n\t\t\t<div class=\"elementor-widget-wrap elementor-element-populated\">\n\t\t\t\t\t\t<div class=\"elementor-element elementor-element-d420c5d elementor-widget elementor-widget-text-editor\" data-id=\"d420c5d\" data-element_type=\"widget\" data-e-type=\"widget\" data-widget_type=\"text-editor.default\">\n\t\t\t\t<div class=\"elementor-widget-container\">\n\t\t\t\t\t\t\t\t\t<p><b>Las Dulces Horas<\/b><\/p><p>Composici\u00f3n estrenada en 1957 con la Orquesta y Coro de Jerez.<\/p>\t\t\t\t\t\t\t\t<\/div>\n\t\t\t\t<\/div>\n\t\t\t\t\t<\/div>\n\t\t<\/div>\n\t\t\t\t\t<\/div>\n\t\t<\/section>\n\t\t\t\t<section class=\"elementor-section elementor-top-section elementor-element elementor-element-5db9c7d elementor-section-boxed elementor-section-height-default elementor-section-height-default\" data-id=\"5db9c7d\" data-element_type=\"section\" data-e-type=\"section\">\n\t\t\t\t\t\t<div class=\"elementor-container elementor-column-gap-default\">\n\t\t\t\t\t<div class=\"elementor-column elementor-col-100 elementor-top-column elementor-element elementor-element-d35a105\" data-id=\"d35a105\" data-element_type=\"column\" data-e-type=\"column\">\n\t\t\t<div class=\"elementor-widget-wrap elementor-element-populated\">\n\t\t\t\t\t\t<div class=\"elementor-element elementor-element-fe3058e elementor-widget elementor-widget-text-editor\" data-id=\"fe3058e\" data-element_type=\"widget\" data-e-type=\"widget\" data-widget_type=\"text-editor.default\">\n\t\t\t\t<div class=\"elementor-widget-container\">\n\t\t\t\t\t\t\t\t\t<p><b>Linda Lina<\/b><\/p><p>Composici\u00f3n estrenada con la Coral Crevillentina.<\/p>\t\t\t\t\t\t\t\t<\/div>\n\t\t\t\t<\/div>\n\t\t\t\t\t<\/div>\n\t\t<\/div>\n\t\t\t\t\t<\/div>\n\t\t<\/section>\n\t\t\t\t<section class=\"elementor-section elementor-top-section elementor-element elementor-element-b65fd13 elementor-section-boxed elementor-section-height-default elementor-section-height-default\" data-id=\"b65fd13\" data-element_type=\"section\" data-e-type=\"section\">\n\t\t\t\t\t\t<div class=\"elementor-container elementor-column-gap-default\">\n\t\t\t\t\t<div class=\"elementor-column elementor-col-100 elementor-top-column elementor-element elementor-element-9d07e3a\" data-id=\"9d07e3a\" data-element_type=\"column\" data-e-type=\"column\">\n\t\t\t<div class=\"elementor-widget-wrap elementor-element-populated\">\n\t\t\t\t\t\t<div class=\"elementor-element elementor-element-d17e5ff elementor-widget elementor-widget-text-editor\" data-id=\"d17e5ff\" data-element_type=\"widget\" data-e-type=\"widget\" data-widget_type=\"text-editor.default\">\n\t\t\t\t<div class=\"elementor-widget-container\">\n\t\t\t\t\t\t\t\t\t<p><b>Maribel Atienzar<\/b><\/p><p><a href=\"http:\/\/moisesdavia.es\/wp-content\/uploads\/Maribel-Atienzar-Moises-Davia-1987.pdf\" target=\"_blank\" rel=\"noopener\">Pasodoble <\/a>dedicado a la torera Maribel Ati\u00e9nzar, compuesto por el Maestro Davia en 1987. Fue estrenado ese mismo a\u00f1o por la Banda Sinf\u00f3nica Municipal de Albacete bajo la direcci\u00f3n de M. Davia como director invitado:<\/p>\t\t\t\t\t\t\t\t<\/div>\n\t\t\t\t<\/div>\n\t\t\t\t<div class=\"elementor-element elementor-element-5e04f6e elementor-widget elementor-widget-video\" data-id=\"5e04f6e\" data-element_type=\"widget\" data-e-type=\"widget\" data-settings=\"{&quot;youtube_url&quot;:&quot;https:\\\/\\\/youtu.be\\\/4Mo58tncHdI&quot;,&quot;video_type&quot;:&quot;youtube&quot;,&quot;controls&quot;:&quot;yes&quot;}\" data-widget_type=\"video.default\">\n\t\t\t\t<div class=\"elementor-widget-container\">\n\t\t\t\t\t\t\t<div class=\"elementor-wrapper elementor-open-inline\">\n\t\t\t<div class=\"elementor-video\"><\/div>\t\t<\/div>\n\t\t\t\t\t\t<\/div>\n\t\t\t\t<\/div>\n\t\t\t\t\t<\/div>\n\t\t<\/div>\n\t\t\t\t\t<\/div>\n\t\t<\/section>\n\t\t\t\t<section class=\"elementor-section elementor-top-section elementor-element elementor-element-eea5501 elementor-section-boxed elementor-section-height-default elementor-section-height-default\" data-id=\"eea5501\" data-element_type=\"section\" data-e-type=\"section\">\n\t\t\t\t\t\t<div class=\"elementor-container elementor-column-gap-default\">\n\t\t\t\t\t<div class=\"elementor-column elementor-col-100 elementor-top-column elementor-element elementor-element-ba62ece\" data-id=\"ba62ece\" data-element_type=\"column\" data-e-type=\"column\">\n\t\t\t<div class=\"elementor-widget-wrap elementor-element-populated\">\n\t\t\t\t\t\t<div class=\"elementor-element elementor-element-9f17a79 elementor-widget elementor-widget-text-editor\" data-id=\"9f17a79\" data-element_type=\"widget\" data-e-type=\"widget\" data-widget_type=\"text-editor.default\">\n\t\t\t\t<div class=\"elementor-widget-container\">\n\t\t\t\t\t\t\t\t\t<p><b>Mi Gitana Chula<\/b><\/p><p>Pasodoble de 1946, una de las primeras composiciones de Mois\u00e9s Davia:<\/p>\t\t\t\t\t\t\t\t<\/div>\n\t\t\t\t<\/div>\n\t\t\t\t<div class=\"elementor-element elementor-element-9dd94d7 elementor-widget elementor-widget-wp-widget-media_audio\" data-id=\"9dd94d7\" data-element_type=\"widget\" data-e-type=\"widget\" data-widget_type=\"wp-widget-media_audio.default\">\n\t\t\t\t<div class=\"elementor-widget-container\">\n\t\t\t\t\t<audio class=\"wp-audio-shortcode\" id=\"audio-47-18\" preload=\"none\" style=\"width: 100%;\" controls=\"controls\"><source type=\"audio\/mpeg\" src=\"https:\/\/moisesdavia.es\/wp-content\/uploads\/Mi-gitana-Chula-midi.mp3?_=18\" \/><source type=\"audio\/mpeg\" src=\"http:\/\/moisesdavia.es\/wp-content\/uploads\/Mi-gitana-Chula-midi.mp3?_=18\" \/><a href=\"https:\/\/moisesdavia.es\/wp-content\/uploads\/Mi-gitana-Chula-midi.mp3\">https:\/\/moisesdavia.es\/wp-content\/uploads\/Mi-gitana-Chula-midi.mp3<\/a><\/audio>\t\t\t\t<\/div>\n\t\t\t\t<\/div>\n\t\t\t\t\t<\/div>\n\t\t<\/div>\n\t\t\t\t\t<\/div>\n\t\t<\/section>\n\t\t\t\t<section class=\"elementor-section elementor-top-section elementor-element elementor-element-3c880fb elementor-section-boxed elementor-section-height-default elementor-section-height-default\" data-id=\"3c880fb\" data-element_type=\"section\" data-e-type=\"section\">\n\t\t\t\t\t\t<div class=\"elementor-container elementor-column-gap-default\">\n\t\t\t\t\t<div class=\"elementor-column elementor-col-100 elementor-top-column elementor-element elementor-element-20c792d\" data-id=\"20c792d\" data-element_type=\"column\" data-e-type=\"column\">\n\t\t\t<div class=\"elementor-widget-wrap elementor-element-populated\">\n\t\t\t\t\t\t<div class=\"elementor-element elementor-element-54c0349 elementor-widget elementor-widget-text-editor\" data-id=\"54c0349\" data-element_type=\"widget\" data-e-type=\"widget\" data-widget_type=\"text-editor.default\">\n\t\t\t\t<div class=\"elementor-widget-container\">\n\t\t\t\t\t\t\t\t\t<p><b>Mis Siete Pu\u00f1ales<\/b><\/p><p>Composici\u00f3n estrenada en 1961 con el Orfe\u00f3n de Jerez.<\/p>\t\t\t\t\t\t\t\t<\/div>\n\t\t\t\t<\/div>\n\t\t\t\t\t<\/div>\n\t\t<\/div>\n\t\t\t\t\t<\/div>\n\t\t<\/section>\n\t\t\t\t<section class=\"elementor-section elementor-top-section elementor-element elementor-element-9b1913d elementor-section-boxed elementor-section-height-default elementor-section-height-default\" data-id=\"9b1913d\" data-element_type=\"section\" data-e-type=\"section\">\n\t\t\t\t\t\t<div class=\"elementor-container elementor-column-gap-default\">\n\t\t\t\t\t<div class=\"elementor-column elementor-col-100 elementor-top-column elementor-element elementor-element-36772bf\" data-id=\"36772bf\" data-element_type=\"column\" data-e-type=\"column\">\n\t\t\t<div class=\"elementor-widget-wrap elementor-element-populated\">\n\t\t\t\t\t\t<div class=\"elementor-element elementor-element-dfab4ae elementor-widget elementor-widget-text-editor\" data-id=\"dfab4ae\" data-element_type=\"widget\" data-e-type=\"widget\" data-widget_type=\"text-editor.default\">\n\t\t\t\t<div class=\"elementor-widget-container\">\n\t\t\t\t\t\t\t\t\t<p><b>Noche de Luna<\/b><\/p><p><a href=\"http:\/\/moisesdavia.es\/wp-content\/uploads\/2019\/12\/Noche-de-Luna-Mois\u00e9s-Davia.pdf\" target=\"_blank\" rel=\"noopener\">Nocturno\u00a0<\/a>compuesto en 1961, interpretado durante a\u00f1os por el Orfe\u00f3n de Jerez.<\/p>\t\t\t\t\t\t\t\t<\/div>\n\t\t\t\t<\/div>\n\t\t\t\t\t<\/div>\n\t\t<\/div>\n\t\t\t\t\t<\/div>\n\t\t<\/section>\n\t\t\t\t<section class=\"elementor-section elementor-top-section elementor-element elementor-element-c4e6405 elementor-section-boxed elementor-section-height-default elementor-section-height-default\" data-id=\"c4e6405\" data-element_type=\"section\" data-e-type=\"section\">\n\t\t\t\t\t\t<div class=\"elementor-container elementor-column-gap-default\">\n\t\t\t\t\t<div class=\"elementor-column elementor-col-100 elementor-top-column elementor-element elementor-element-71d574d\" data-id=\"71d574d\" data-element_type=\"column\" data-e-type=\"column\">\n\t\t\t<div class=\"elementor-widget-wrap elementor-element-populated\">\n\t\t\t\t\t\t<div class=\"elementor-element elementor-element-99fae45 elementor-widget elementor-widget-text-editor\" data-id=\"99fae45\" data-element_type=\"widget\" data-e-type=\"widget\" data-widget_type=\"text-editor.default\">\n\t\t\t\t<div class=\"elementor-widget-container\">\n\t\t\t\t\t\t\t\t\t<p><b>Noches Crevillentinas<\/b><\/p><p><a href=\"http:\/\/moisesdavia.es\/wp-content\/uploads\/2019\/12\/Noches-Crevillentinas-Mois\u00e9s-Davia.pdf\" target=\"_blank\" rel=\"noopener\">Habanera para coro y banda<\/a>\u00a0de 1967, dedicada a la Coral Crevillentina. Ha sido editada en varias recopilaciones de la Coral Crevillentina:<\/p>\t\t\t\t\t\t\t\t<\/div>\n\t\t\t\t<\/div>\n\t\t\t\t<div class=\"elementor-element elementor-element-81f36ed elementor-widget elementor-widget-wp-widget-media_audio\" data-id=\"81f36ed\" data-element_type=\"widget\" data-e-type=\"widget\" data-widget_type=\"wp-widget-media_audio.default\">\n\t\t\t\t<div class=\"elementor-widget-container\">\n\t\t\t\t\t<audio class=\"wp-audio-shortcode\" id=\"audio-47-19\" preload=\"none\" style=\"width: 100%;\" controls=\"controls\"><source type=\"audio\/mpeg\" src=\"https:\/\/moisesdavia.es\/wp-content\/uploads\/Noches-Crevillentinas.mp3?_=19\" \/><source type=\"audio\/mpeg\" src=\"http:\/\/moisesdavia.es\/wp-content\/uploads\/Noches-Crevillentinas.mp3?_=19\" \/><a href=\"https:\/\/moisesdavia.es\/wp-content\/uploads\/Noches-Crevillentinas.mp3\">https:\/\/moisesdavia.es\/wp-content\/uploads\/Noches-Crevillentinas.mp3<\/a><\/audio>\t\t\t\t<\/div>\n\t\t\t\t<\/div>\n\t\t\t\t<div class=\"elementor-element elementor-element-07b53f7 elementor-widget elementor-widget-text-editor\" data-id=\"07b53f7\" data-element_type=\"widget\" data-e-type=\"widget\" data-widget_type=\"text-editor.default\">\n\t\t\t\t<div class=\"elementor-widget-container\">\n\t\t\t\t\t\t\t\t\t<p>Esta obra fue una de las que la Coral Crevillentina grab\u00f3 en TVE en 1968 bajo la direcci\u00f3n de Mois\u00e9s Davia:<\/p>\t\t\t\t\t\t\t\t<\/div>\n\t\t\t\t<\/div>\n\t\t\t\t<div class=\"elementor-element elementor-element-e7090fa elementor-widget elementor-widget-video\" data-id=\"e7090fa\" data-element_type=\"widget\" data-e-type=\"widget\" data-settings=\"{&quot;youtube_url&quot;:&quot;https:\\\/\\\/youtu.be\\\/5X2uVa3jaMY&quot;,&quot;start&quot;:222,&quot;video_type&quot;:&quot;youtube&quot;,&quot;controls&quot;:&quot;yes&quot;}\" data-widget_type=\"video.default\">\n\t\t\t\t<div class=\"elementor-widget-container\">\n\t\t\t\t\t\t\t<div class=\"elementor-wrapper elementor-open-inline\">\n\t\t\t<div class=\"elementor-video\"><\/div>\t\t<\/div>\n\t\t\t\t\t\t<\/div>\n\t\t\t\t<\/div>\n\t\t\t\t\t<\/div>\n\t\t<\/div>\n\t\t\t\t\t<\/div>\n\t\t<\/section>\n\t\t\t\t<section class=\"elementor-section elementor-top-section elementor-element elementor-element-74bac60 elementor-section-boxed elementor-section-height-default elementor-section-height-default\" data-id=\"74bac60\" data-element_type=\"section\" data-e-type=\"section\">\n\t\t\t\t\t\t<div class=\"elementor-container elementor-column-gap-default\">\n\t\t\t\t\t<div class=\"elementor-column elementor-col-100 elementor-top-column elementor-element elementor-element-08203d5\" data-id=\"08203d5\" data-element_type=\"column\" data-e-type=\"column\">\n\t\t\t<div class=\"elementor-widget-wrap elementor-element-populated\">\n\t\t\t\t\t\t<div class=\"elementor-element elementor-element-b7095d9 elementor-widget elementor-widget-text-editor\" data-id=\"b7095d9\" data-element_type=\"widget\" data-e-type=\"widget\" data-widget_type=\"text-editor.default\">\n\t\t\t\t<div class=\"elementor-widget-container\">\n\t\t\t\t\t\t\t\t\t<p><b>Palmera de Verde Palma<\/b><\/p><p>Composici\u00f3n de 1965 cuya letra y m\u00fasica son de Mois\u00e9s Davia, estrenada con la Coral Crevillentina.<\/p>\t\t\t\t\t\t\t\t<\/div>\n\t\t\t\t<\/div>\n\t\t\t\t\t<\/div>\n\t\t<\/div>\n\t\t\t\t\t<\/div>\n\t\t<\/section>\n\t\t\t\t<section class=\"elementor-section elementor-top-section elementor-element elementor-element-b703461 elementor-section-boxed elementor-section-height-default elementor-section-height-default\" data-id=\"b703461\" data-element_type=\"section\" data-e-type=\"section\">\n\t\t\t\t\t\t<div class=\"elementor-container elementor-column-gap-default\">\n\t\t\t\t\t<div class=\"elementor-column elementor-col-100 elementor-top-column elementor-element elementor-element-b2d5796\" data-id=\"b2d5796\" data-element_type=\"column\" data-e-type=\"column\">\n\t\t\t<div class=\"elementor-widget-wrap elementor-element-populated\">\n\t\t\t\t\t\t<div class=\"elementor-element elementor-element-d653e5a elementor-widget elementor-widget-text-editor\" data-id=\"d653e5a\" data-element_type=\"widget\" data-e-type=\"widget\" data-widget_type=\"text-editor.default\">\n\t\t\t\t<div class=\"elementor-widget-container\">\n\t\t\t\t\t\t\t\t\t<p><b>Paz y Aflicci\u00f3n<\/b><\/p><p><a href=\"http:\/\/moisesdavia.es\/wp-content\/uploads\/Paz-y-Aflicci\u00f3n-completa-Mois\u00e9s-Davia.pdf\" target=\"_blank\" rel=\"noopener\">Marcha de Semana Santa<\/a>, compuesta en 1989 cuando Mois\u00e9s Davia ya estaba jubilado. Esta editada en varias recopilaciones de m\u00fasica de Semana Santa de Jerez:<\/p>\t\t\t\t\t\t\t\t<\/div>\n\t\t\t\t<\/div>\n\t\t\t\t<div class=\"elementor-element elementor-element-85b285c elementor-widget elementor-widget-wp-widget-media_audio\" data-id=\"85b285c\" data-element_type=\"widget\" data-e-type=\"widget\" data-widget_type=\"wp-widget-media_audio.default\">\n\t\t\t\t<div class=\"elementor-widget-container\">\n\t\t\t\t\t<audio class=\"wp-audio-shortcode\" id=\"audio-47-20\" preload=\"none\" style=\"width: 100%;\" controls=\"controls\"><source type=\"audio\/mpeg\" src=\"https:\/\/moisesdavia.es\/wp-content\/uploads\/Paz-y-Afliccion.mp3?_=20\" \/><source type=\"audio\/mpeg\" src=\"http:\/\/moisesdavia.es\/wp-content\/uploads\/Paz-y-Afliccion.mp3?_=20\" \/><a href=\"https:\/\/moisesdavia.es\/wp-content\/uploads\/Paz-y-Afliccion.mp3\">https:\/\/moisesdavia.es\/wp-content\/uploads\/Paz-y-Afliccion.mp3<\/a><\/audio>\t\t\t\t<\/div>\n\t\t\t\t<\/div>\n\t\t\t\t\t<\/div>\n\t\t<\/div>\n\t\t\t\t\t<\/div>\n\t\t<\/section>\n\t\t\t\t<section class=\"elementor-section elementor-top-section elementor-element elementor-element-74c329f elementor-section-boxed elementor-section-height-default elementor-section-height-default\" data-id=\"74c329f\" data-element_type=\"section\" data-e-type=\"section\">\n\t\t\t\t\t\t<div class=\"elementor-container elementor-column-gap-default\">\n\t\t\t\t\t<div class=\"elementor-column elementor-col-100 elementor-top-column elementor-element elementor-element-d40d9ec\" data-id=\"d40d9ec\" data-element_type=\"column\" data-e-type=\"column\">\n\t\t\t<div class=\"elementor-widget-wrap elementor-element-populated\">\n\t\t\t\t\t\t<div class=\"elementor-element elementor-element-699db79 elementor-widget elementor-widget-video\" data-id=\"699db79\" data-element_type=\"widget\" data-e-type=\"widget\" data-settings=\"{&quot;youtube_url&quot;:&quot;https:\\\/\\\/youtu.be\\\/VwqwSVMDlvU&quot;,&quot;video_type&quot;:&quot;youtube&quot;,&quot;controls&quot;:&quot;yes&quot;}\" data-widget_type=\"video.default\">\n\t\t\t\t<div class=\"elementor-widget-container\">\n\t\t\t\t\t\t\t<div class=\"elementor-wrapper elementor-open-inline\">\n\t\t\t<div class=\"elementor-video\"><\/div>\t\t<\/div>\n\t\t\t\t\t\t<\/div>\n\t\t\t\t<\/div>\n\t\t\t\t<div class=\"elementor-element elementor-element-3ad9b13 elementor-widget elementor-widget-text-editor\" data-id=\"3ad9b13\" data-element_type=\"widget\" data-e-type=\"widget\" data-widget_type=\"text-editor.default\">\n\t\t\t\t<div class=\"elementor-widget-container\">\n\t\t\t\t\t\t\t\t\t<p><b>Rapsodia Manchega n\u00ba 1<\/b><\/p><p><a href=\"http:\/\/moisesdavia.es\/wp-content\/uploads\/Rapsodia-Manchega-completa.zip\" target=\"_blank\" rel=\"noopener\">Composici\u00f3n instrumental<\/a>\u00a0de car\u00e1cter cl\u00e1sico, estrenada en 1954 por la Banda de Casas Ib\u00e1\u00f1ez en un homenaje a Mois\u00e9s Davia en reconocimiento a su labor con la Banda. Junto con \u00abLa Cueva Cristalina\u00bb es una de las obras para Banda y Orquesta m\u00e1s conocidas de M. Davia:<\/p>\t\t\t\t\t\t\t\t<\/div>\n\t\t\t\t<\/div>\n\t\t\t\t<div class=\"elementor-element elementor-element-24b8459 elementor-widget elementor-widget-wp-widget-media_audio\" data-id=\"24b8459\" data-element_type=\"widget\" data-e-type=\"widget\" data-widget_type=\"wp-widget-media_audio.default\">\n\t\t\t\t<div class=\"elementor-widget-container\">\n\t\t\t\t\t<audio class=\"wp-audio-shortcode\" id=\"audio-47-21\" preload=\"none\" style=\"width: 100%;\" controls=\"controls\"><source type=\"audio\/mpeg\" src=\"https:\/\/moisesdavia.es\/wp-content\/uploads\/Rapsodia-Manchega-BSMM-2009_retocado.mp3?_=21\" \/><source type=\"audio\/mpeg\" src=\"http:\/\/moisesdavia.es\/wp-content\/uploads\/Rapsodia-Manchega-BSMM-2009_retocado.mp3?_=21\" \/><a href=\"https:\/\/moisesdavia.es\/wp-content\/uploads\/Rapsodia-Manchega-BSMM-2009_retocado.mp3\">https:\/\/moisesdavia.es\/wp-content\/uploads\/Rapsodia-Manchega-BSMM-2009_retocado.mp3<\/a><\/audio>\t\t\t\t<\/div>\n\t\t\t\t<\/div>\n\t\t\t\t<div class=\"elementor-element elementor-element-3621fa0 elementor-widget elementor-widget-text-editor\" data-id=\"3621fa0\" data-element_type=\"widget\" data-e-type=\"widget\" data-widget_type=\"text-editor.default\">\n\t\t\t\t<div class=\"elementor-widget-container\">\n\t\t\t\t\t\t\t\t\t<p>En el siguiente v\u00eddeo lo interpreta la Banda Sinf\u00f3nica Municipal de Alicante en 1993, bajo la direcci\u00f3n de Mois\u00e9s Davia como director invitado:<\/p>\t\t\t\t\t\t\t\t<\/div>\n\t\t\t\t<\/div>\n\t\t\t\t<div class=\"elementor-element elementor-element-fdf2f28 elementor-widget elementor-widget-video\" data-id=\"fdf2f28\" data-element_type=\"widget\" data-e-type=\"widget\" data-settings=\"{&quot;youtube_url&quot;:&quot;https:\\\/\\\/youtu.be\\\/grgZmcYp-2s&quot;,&quot;video_type&quot;:&quot;youtube&quot;,&quot;controls&quot;:&quot;yes&quot;}\" data-widget_type=\"video.default\">\n\t\t\t\t<div class=\"elementor-widget-container\">\n\t\t\t\t\t\t\t<div class=\"elementor-wrapper elementor-open-inline\">\n\t\t\t<div class=\"elementor-video\"><\/div>\t\t<\/div>\n\t\t\t\t\t\t<\/div>\n\t\t\t\t<\/div>\n\t\t\t\t\t<\/div>\n\t\t<\/div>\n\t\t\t\t\t<\/div>\n\t\t<\/section>\n\t\t\t\t<section class=\"elementor-section elementor-top-section elementor-element elementor-element-66d77d8 elementor-section-boxed elementor-section-height-default elementor-section-height-default\" data-id=\"66d77d8\" data-element_type=\"section\" data-e-type=\"section\">\n\t\t\t\t\t\t<div class=\"elementor-container elementor-column-gap-default\">\n\t\t\t\t\t<div class=\"elementor-column elementor-col-100 elementor-top-column elementor-element elementor-element-2aa04d6\" data-id=\"2aa04d6\" data-element_type=\"column\" data-e-type=\"column\">\n\t\t\t<div class=\"elementor-widget-wrap elementor-element-populated\">\n\t\t\t\t\t\t<div class=\"elementor-element elementor-element-2d0276c elementor-widget elementor-widget-text-editor\" data-id=\"2d0276c\" data-element_type=\"widget\" data-e-type=\"widget\" data-widget_type=\"text-editor.default\">\n\t\t\t\t<div class=\"elementor-widget-container\">\n\t\t\t\t\t\t\t\t\t<p><b>Sangre Espa\u00f1ola<\/b><\/p><p><a href=\"http:\/\/moisesdavia.es\/wp-content\/uploads\/Sangre-Espa\u00f1ola-Marcha-Mois\u00e9s-Davia.pdf\" target=\"_blank\" rel=\"noopener\">Marcha<\/a>, estrenada en 1942.<\/p>\t\t\t\t\t\t\t\t<\/div>\n\t\t\t\t<\/div>\n\t\t\t\t\t<\/div>\n\t\t<\/div>\n\t\t\t\t\t<\/div>\n\t\t<\/section>\n\t\t\t\t<section class=\"elementor-section elementor-top-section elementor-element elementor-element-6a23a4d elementor-section-boxed elementor-section-height-default elementor-section-height-default\" data-id=\"6a23a4d\" data-element_type=\"section\" data-e-type=\"section\">\n\t\t\t\t\t\t<div class=\"elementor-container elementor-column-gap-default\">\n\t\t\t\t\t<div class=\"elementor-column elementor-col-100 elementor-top-column elementor-element elementor-element-e9925d5\" data-id=\"e9925d5\" data-element_type=\"column\" data-e-type=\"column\">\n\t\t\t<div class=\"elementor-widget-wrap elementor-element-populated\">\n\t\t\t\t\t\t<div class=\"elementor-element elementor-element-cbd1da9 elementor-widget elementor-widget-text-editor\" data-id=\"cbd1da9\" data-element_type=\"widget\" data-e-type=\"widget\" data-widget_type=\"text-editor.default\">\n\t\t\t\t<div class=\"elementor-widget-container\">\n\t\t\t\t\t\t\t\t\t<p><b>Santa Faz<\/b><\/p><p><a href=\"http:\/\/moisesdavia.es\/wp-content\/uploads\/2019\/12\/Santa-Faz-Mois\u00e9s-Davia.pdf\" target=\"_blank\" rel=\"noopener\">Plegaria para coro y banda<\/a>\u00a0compuesta en 1967, editada en el primer LP de \u00abAlicante en Fiestas\u00bb de 1969:<\/p>\t\t\t\t\t\t\t\t<\/div>\n\t\t\t\t<\/div>\n\t\t\t\t<div class=\"elementor-element elementor-element-3f393bd elementor-widget elementor-widget-wp-widget-media_audio\" data-id=\"3f393bd\" data-element_type=\"widget\" data-e-type=\"widget\" data-widget_type=\"wp-widget-media_audio.default\">\n\t\t\t\t<div class=\"elementor-widget-container\">\n\t\t\t\t\t<audio class=\"wp-audio-shortcode\" id=\"audio-47-22\" preload=\"none\" style=\"width: 100%;\" controls=\"controls\"><source type=\"audio\/mpeg\" src=\"https:\/\/moisesdavia.es\/wp-content\/uploads\/Plegaria-a-la-Santa-Faz.mp3?_=22\" \/><source type=\"audio\/mpeg\" src=\"http:\/\/moisesdavia.es\/wp-content\/uploads\/Plegaria-a-la-Santa-Faz.mp3?_=22\" \/><a href=\"https:\/\/moisesdavia.es\/wp-content\/uploads\/Plegaria-a-la-Santa-Faz.mp3\">https:\/\/moisesdavia.es\/wp-content\/uploads\/Plegaria-a-la-Santa-Faz.mp3<\/a><\/audio>\t\t\t\t<\/div>\n\t\t\t\t<\/div>\n\t\t\t\t<div class=\"elementor-element elementor-element-b48217f elementor-widget elementor-widget-text-editor\" data-id=\"b48217f\" data-element_type=\"widget\" data-e-type=\"widget\" data-widget_type=\"text-editor.default\">\n\t\t\t\t<div class=\"elementor-widget-container\">\n\t\t\t\t\t\t\t\t\t<p>Considerada una de las mejores obras de M. Davia, se escucha cada a\u00f1o en Alicante con motivo de la peregrinaci\u00f3n a la Santa Faz:<\/p>\t\t\t\t\t\t\t\t<\/div>\n\t\t\t\t<\/div>\n\t\t\t\t<div class=\"elementor-element elementor-element-7357495 elementor-widget elementor-widget-video\" data-id=\"7357495\" data-element_type=\"widget\" data-e-type=\"widget\" data-settings=\"{&quot;youtube_url&quot;:&quot;https:\\\/\\\/youtu.be\\\/9eTGFqnDzMI&quot;,&quot;video_type&quot;:&quot;youtube&quot;,&quot;controls&quot;:&quot;yes&quot;}\" data-widget_type=\"video.default\">\n\t\t\t\t<div class=\"elementor-widget-container\">\n\t\t\t\t\t\t\t<div class=\"elementor-wrapper elementor-open-inline\">\n\t\t\t<div class=\"elementor-video\"><\/div>\t\t<\/div>\n\t\t\t\t\t\t<\/div>\n\t\t\t\t<\/div>\n\t\t\t\t<div class=\"elementor-element elementor-element-fbc1322 elementor-widget elementor-widget-text-editor\" data-id=\"fbc1322\" data-element_type=\"widget\" data-e-type=\"widget\" data-widget_type=\"text-editor.default\">\n\t\t\t\t<div class=\"elementor-widget-container\">\n\t\t\t\t\t\t\t\t\t<p>Tambi\u00e9n ha sido versionada al piano por Federico Valero:<\/p>\t\t\t\t\t\t\t\t<\/div>\n\t\t\t\t<\/div>\n\t\t\t\t<div class=\"elementor-element elementor-element-a2df618 elementor-widget elementor-widget-wp-widget-media_audio\" data-id=\"a2df618\" data-element_type=\"widget\" data-e-type=\"widget\" data-widget_type=\"wp-widget-media_audio.default\">\n\t\t\t\t<div class=\"elementor-widget-container\">\n\t\t\t\t\t<audio class=\"wp-audio-shortcode\" id=\"audio-47-23\" preload=\"none\" style=\"width: 100%;\" controls=\"controls\"><source type=\"audio\/mpeg\" src=\"https:\/\/moisesdavia.es\/wp-content\/uploads\/Plegaria-Santa-Faz-Piano.mp3?_=23\" \/><source type=\"audio\/mpeg\" src=\"http:\/\/moisesdavia.es\/wp-content\/uploads\/Plegaria-Santa-Faz-Piano.mp3?_=23\" \/><a href=\"https:\/\/moisesdavia.es\/wp-content\/uploads\/Plegaria-Santa-Faz-Piano.mp3\">https:\/\/moisesdavia.es\/wp-content\/uploads\/Plegaria-Santa-Faz-Piano.mp3<\/a><\/audio>\t\t\t\t<\/div>\n\t\t\t\t<\/div>\n\t\t\t\t\t<\/div>\n\t\t<\/div>\n\t\t\t\t\t<\/div>\n\t\t<\/section>\n\t\t\t\t<section class=\"elementor-section elementor-top-section elementor-element elementor-element-c119c6a elementor-section-boxed elementor-section-height-default elementor-section-height-default\" data-id=\"c119c6a\" data-element_type=\"section\" data-e-type=\"section\">\n\t\t\t\t\t\t<div class=\"elementor-container elementor-column-gap-default\">\n\t\t\t\t\t<div class=\"elementor-column elementor-col-100 elementor-top-column elementor-element elementor-element-e8bf9aa\" data-id=\"e8bf9aa\" data-element_type=\"column\" data-e-type=\"column\">\n\t\t\t<div class=\"elementor-widget-wrap elementor-element-populated\">\n\t\t\t\t\t\t<div class=\"elementor-element elementor-element-94d8bb7 elementor-widget elementor-widget-text-editor\" data-id=\"94d8bb7\" data-element_type=\"widget\" data-e-type=\"widget\" data-widget_type=\"text-editor.default\">\n\t\t\t\t<div class=\"elementor-widget-container\">\n\t\t\t\t\t\t\t\t\t<p><b>Sargento 1\u00ba Espinosa<\/b><\/p><p>Marcha militar, estrenada por la Banda de Cornetas y Tambores del Mando A\u00e9reo del Estrecho:<\/p>\t\t\t\t\t\t\t\t<\/div>\n\t\t\t\t<\/div>\n\t\t\t\t<div class=\"elementor-element elementor-element-6348c51 elementor-widget elementor-widget-wp-widget-media_audio\" data-id=\"6348c51\" data-element_type=\"widget\" data-e-type=\"widget\" data-widget_type=\"wp-widget-media_audio.default\">\n\t\t\t\t<div class=\"elementor-widget-container\">\n\t\t\t\t\t<audio class=\"wp-audio-shortcode\" id=\"audio-47-24\" preload=\"none\" style=\"width: 100%;\" controls=\"controls\"><source type=\"audio\/mpeg\" src=\"https:\/\/moisesdavia.es\/wp-content\/uploads\/Sargento-1\u00ba-Espinosa.mp3?_=24\" \/><source type=\"audio\/mpeg\" src=\"http:\/\/moisesdavia.es\/wp-content\/uploads\/Sargento-1\u00ba-Espinosa.mp3?_=24\" \/><a href=\"https:\/\/moisesdavia.es\/wp-content\/uploads\/Sargento-1\u00ba-Espinosa.mp3\">https:\/\/moisesdavia.es\/wp-content\/uploads\/Sargento-1\u00ba-Espinosa.mp3<\/a><\/audio>\t\t\t\t<\/div>\n\t\t\t\t<\/div>\n\t\t\t\t\t<\/div>\n\t\t<\/div>\n\t\t\t\t\t<\/div>\n\t\t<\/section>\n\t\t\t\t<section class=\"elementor-section elementor-top-section elementor-element elementor-element-894a6f9 elementor-section-boxed elementor-section-height-default elementor-section-height-default\" data-id=\"894a6f9\" data-element_type=\"section\" data-e-type=\"section\">\n\t\t\t\t\t\t<div class=\"elementor-container elementor-column-gap-default\">\n\t\t\t\t\t<div class=\"elementor-column elementor-col-100 elementor-top-column elementor-element elementor-element-10fedba\" data-id=\"10fedba\" data-element_type=\"column\" data-e-type=\"column\">\n\t\t\t<div class=\"elementor-widget-wrap elementor-element-populated\">\n\t\t\t\t\t\t<div class=\"elementor-element elementor-element-566ce79 elementor-widget elementor-widget-text-editor\" data-id=\"566ce79\" data-element_type=\"widget\" data-e-type=\"widget\" data-widget_type=\"text-editor.default\">\n\t\t\t\t<div class=\"elementor-widget-container\">\n\t\t\t\t\t\t\t\t\t<p><b>Serra de Mariola (arreglo de canci\u00f3n popular)<\/b><\/p><p>Canci\u00f3n popular, cuyo arreglo instrumental es de Mois\u00e9s Davia. Est\u00e1 editada en varias recopilaciones de m\u00fasica popular de Alicante, entre ellos el\u00a0el LP y posteriormente CD \u00abAlicante en Fiestas\u00bb editado por primera vez en 1969, donde la Banda Sinf\u00f3nica Municipal de Alicante y la Coral Crevillentina interpretan esta obra bajo la batuta de D. Mois\u00e9s Davia:<\/p>\t\t\t\t\t\t\t\t<\/div>\n\t\t\t\t<\/div>\n\t\t\t\t<div class=\"elementor-element elementor-element-ccf1cd1 elementor-widget elementor-widget-wp-widget-media_audio\" data-id=\"ccf1cd1\" data-element_type=\"widget\" data-e-type=\"widget\" data-widget_type=\"wp-widget-media_audio.default\">\n\t\t\t\t<div class=\"elementor-widget-container\">\n\t\t\t\t\t<audio class=\"wp-audio-shortcode\" id=\"audio-47-25\" preload=\"none\" style=\"width: 100%;\" controls=\"controls\"><source type=\"audio\/mpeg\" src=\"https:\/\/moisesdavia.es\/wp-content\/uploads\/Serra-de-Mariola.mp3?_=25\" \/><source type=\"audio\/mpeg\" src=\"http:\/\/moisesdavia.es\/wp-content\/uploads\/Serra-de-Mariola.mp3?_=25\" \/><a href=\"https:\/\/moisesdavia.es\/wp-content\/uploads\/Serra-de-Mariola.mp3\">https:\/\/moisesdavia.es\/wp-content\/uploads\/Serra-de-Mariola.mp3<\/a><\/audio>\t\t\t\t<\/div>\n\t\t\t\t<\/div>\n\t\t\t\t\t<\/div>\n\t\t<\/div>\n\t\t\t\t\t<\/div>\n\t\t<\/section>\n\t\t\t\t<section class=\"elementor-section elementor-top-section elementor-element elementor-element-8c95194 elementor-section-boxed elementor-section-height-default elementor-section-height-default\" data-id=\"8c95194\" data-element_type=\"section\" data-e-type=\"section\">\n\t\t\t\t\t\t<div class=\"elementor-container elementor-column-gap-default\">\n\t\t\t\t\t<div class=\"elementor-column elementor-col-100 elementor-top-column elementor-element elementor-element-4fa4e0f\" data-id=\"4fa4e0f\" data-element_type=\"column\" data-e-type=\"column\">\n\t\t\t<div class=\"elementor-widget-wrap elementor-element-populated\">\n\t\t\t\t\t\t<div class=\"elementor-element elementor-element-2d4444a elementor-widget elementor-widget-text-editor\" data-id=\"2d4444a\" data-element_type=\"widget\" data-e-type=\"widget\" data-widget_type=\"text-editor.default\">\n\t\t\t\t<div class=\"elementor-widget-container\">\n\t\t\t\t\t\t\t\t\t<p><b style=\"color: var( --e-global-color-text ); font-family: var( --e-global-typography-text-font-family ), Sans-serif;\">T\u00fa du\u00e9rmete<\/b><\/p><p><a href=\"http:\/\/moisesdavia.es\/wp-content\/uploads\/2019\/12\/Tu-duermete-Mois\u00e9s-Davia.pdf\" target=\"_blank\" rel=\"noopener\">Nana para canto y piano<\/a>, escrita en 1951 y dedicada a su primer hijo.<\/p><p>En 2022 fue reestrenada con motivo del bautizo de su bisnieto Mart\u00edn. En el video interpreta la soprano <a href=\"http:\/\/www.elvirapadrino.wixsite.com\/soprano\" target=\"_blank\" rel=\"noopener\">Elvira Padrino Davia<\/a>, nieta de Mois\u00e9s Davia Soriano.<\/p>\t\t\t\t\t\t\t\t<\/div>\n\t\t\t\t<\/div>\n\t\t\t\t<div class=\"elementor-element elementor-element-270d815 elementor-widget elementor-widget-video\" data-id=\"270d815\" data-element_type=\"widget\" data-e-type=\"widget\" data-settings=\"{&quot;youtube_url&quot;:&quot;https:\\\/\\\/youtu.be\\\/VqqAjj2dIhY&quot;,&quot;video_type&quot;:&quot;youtube&quot;,&quot;controls&quot;:&quot;yes&quot;}\" data-widget_type=\"video.default\">\n\t\t\t\t<div class=\"elementor-widget-container\">\n\t\t\t\t\t\t\t<div class=\"elementor-wrapper elementor-open-inline\">\n\t\t\t<div class=\"elementor-video\"><\/div>\t\t<\/div>\n\t\t\t\t\t\t<\/div>\n\t\t\t\t<\/div>\n\t\t\t\t<div class=\"elementor-element elementor-element-741eabe elementor-widget elementor-widget-text-editor\" data-id=\"741eabe\" data-element_type=\"widget\" data-e-type=\"widget\" data-widget_type=\"text-editor.default\">\n\t\t\t\t<div class=\"elementor-widget-container\">\n\t\t\t\t\t\t\t\t\t<p><span style=\"color: var( --e-global-color-text ); font-family: var( --e-global-typography-text-font-family ), Sans-serif; font-weight: var( --e-global-typography-text-font-weight );\">El mismo audio se puede escuchar aqu\u00ed:<\/span><\/p><p><audio class=\"wp-audio-shortcode\" id=\"audio-47-26\" preload=\"none\" style=\"width: 100%;\" controls=\"controls\"><source type=\"audio\/mpeg\" src=\"http:\/\/moisesdavia.es\/wp-content\/uploads\/Nana-Moises-Davia-Elvira-Padrino-Davia.mp3?_=26\" \/><a href=\"http:\/\/moisesdavia.es\/wp-content\/uploads\/Nana-Moises-Davia-Elvira-Padrino-Davia.mp3\">http:\/\/moisesdavia.es\/wp-content\/uploads\/Nana-Moises-Davia-Elvira-Padrino-Davia.mp3<\/a><\/audio><\/p><p>Y tambi\u00e9n disponible solo con la base instrumental:<\/p><p><audio class=\"wp-audio-shortcode\" id=\"audio-47-27\" preload=\"none\" style=\"width: 100%;\" controls=\"controls\"><source type=\"audio\/mpeg\" src=\"http:\/\/moisesdavia.es\/wp-content\/uploads\/Nana-Moises-Davia-instrumental.mp3?_=27\" \/><a href=\"http:\/\/moisesdavia.es\/wp-content\/uploads\/Nana-Moises-Davia-instrumental.mp3\">http:\/\/moisesdavia.es\/wp-content\/uploads\/Nana-Moises-Davia-instrumental.mp3<\/a><\/audio><\/p>\t\t\t\t\t\t\t\t<\/div>\n\t\t\t\t<\/div>\n\t\t\t\t<div class=\"elementor-element elementor-element-2b8c93d elementor-widget elementor-widget-text-editor\" data-id=\"2b8c93d\" data-element_type=\"widget\" data-e-type=\"widget\" data-widget_type=\"text-editor.default\">\n\t\t\t\t<div class=\"elementor-widget-container\">\n\t\t\t\t\t\t\t\t\t<p><b>Tu amor me ofreces tu<\/b><\/p><p>Tema lento, cuya letra y m\u00fasica son de Mois\u00e9s Davia. Fue estrenado en 1947 con la Banda de Orense.<\/p>\t\t\t\t\t\t\t\t<\/div>\n\t\t\t\t<\/div>\n\t\t\t\t\t<\/div>\n\t\t<\/div>\n\t\t\t\t\t<\/div>\n\t\t<\/section>\n\t\t\t\t<section class=\"elementor-section elementor-top-section elementor-element elementor-element-76cdc02 elementor-section-boxed elementor-section-height-default elementor-section-height-default\" data-id=\"76cdc02\" data-element_type=\"section\" data-e-type=\"section\">\n\t\t\t\t\t\t<div class=\"elementor-container elementor-column-gap-default\">\n\t\t\t\t\t<div class=\"elementor-column elementor-col-100 elementor-top-column elementor-element elementor-element-b7f69dd\" data-id=\"b7f69dd\" data-element_type=\"column\" data-e-type=\"column\">\n\t\t\t<div class=\"elementor-widget-wrap elementor-element-populated\">\n\t\t\t\t\t\t<div class=\"elementor-element elementor-element-621c9f4 elementor-widget elementor-widget-text-editor\" data-id=\"621c9f4\" data-element_type=\"widget\" data-e-type=\"widget\" data-widget_type=\"text-editor.default\">\n\t\t\t\t<div class=\"elementor-widget-container\">\n\t\t\t\t\t\t\t\t\t<p><b>Uvas de Jerez<\/b><\/p><p>Himno, estrenado en 1956 en el Teatro Villamarta de Jerez.<\/p>\t\t\t\t\t\t\t\t<\/div>\n\t\t\t\t<\/div>\n\t\t\t\t\t<\/div>\n\t\t<\/div>\n\t\t\t\t\t<\/div>\n\t\t<\/section>\n\t\t\t\t<section class=\"elementor-section elementor-top-section elementor-element elementor-element-819926a elementor-section-boxed elementor-section-height-default elementor-section-height-default\" data-id=\"819926a\" data-element_type=\"section\" data-e-type=\"section\">\n\t\t\t\t\t\t<div class=\"elementor-container elementor-column-gap-default\">\n\t\t\t\t\t<div class=\"elementor-column elementor-col-100 elementor-top-column elementor-element elementor-element-6212430\" data-id=\"6212430\" data-element_type=\"column\" data-e-type=\"column\">\n\t\t\t<div class=\"elementor-widget-wrap elementor-element-populated\">\n\t\t\t\t\t\t<div class=\"elementor-element elementor-element-dc86847 elementor-widget elementor-widget-text-editor\" data-id=\"dc86847\" data-element_type=\"widget\" data-e-type=\"widget\" data-widget_type=\"text-editor.default\">\n\t\t\t\t<div class=\"elementor-widget-container\">\n\t\t\t\t\t\t\t\t\t<p><b>Ya viene la Primavera<\/b><\/p><p>Lied de 1961, cuya letra y m\u00fasica son de Mois\u00e9s Davia. Fue estrenado en el teatro Falla de C\u00e1diz.<\/p>\t\t\t\t\t\t\t\t<\/div>\n\t\t\t\t<\/div>\n\t\t\t\t\t<\/div>\n\t\t<\/div>\n\t\t\t\t\t<\/div>\n\t\t<\/section>\n\t\t\t\t<\/div>\n\t\t","protected":false},"excerpt":{"rendered":"<p>Como compositor,\u00a0Mois\u00e9s Davia es autor de alrededor de medio centenar de obras\u00a0para orquesta, banda, coros, piano, m\u00fasica de c\u00e1mara, cuartetos de saxofones, himnos, pasodobles, villancicos, marchas de Semana Santa, arreglos de canciones populares etc. Actualmente muchas de estas obras son interpretadas por numerosas corales, bandas de m\u00fasica y orquestas, durante la Semana Santa de Jerez,&hellip; <br \/> <a class=\"read-more\" href=\"https:\/\/moisesdavia.es\/?page_id=47\">Leer m\u00e1s<\/a><\/p>\n","protected":false},"author":1,"featured_media":0,"parent":0,"menu_order":0,"comment_status":"closed","ping_status":"closed","template":"","meta":{"om_disable_all_campaigns":false,"_monsterinsights_skip_tracking":false,"_monsterinsights_sitenote_active":false,"_monsterinsights_sitenote_note":"","_monsterinsights_sitenote_category":0,"_uf_show_specific_survey":0,"_uf_disable_surveys":false,"footnotes":""},"class_list":["post-47","page","type-page","status-publish","hentry"],"aioseo_notices":[],"_links":{"self":[{"href":"https:\/\/moisesdavia.es\/index.php?rest_route=\/wp\/v2\/pages\/47","targetHints":{"allow":["GET"]}}],"collection":[{"href":"https:\/\/moisesdavia.es\/index.php?rest_route=\/wp\/v2\/pages"}],"about":[{"href":"https:\/\/moisesdavia.es\/index.php?rest_route=\/wp\/v2\/types\/page"}],"author":[{"embeddable":true,"href":"https:\/\/moisesdavia.es\/index.php?rest_route=\/wp\/v2\/users\/1"}],"replies":[{"embeddable":true,"href":"https:\/\/moisesdavia.es\/index.php?rest_route=%2Fwp%2Fv2%2Fcomments&post=47"}],"version-history":[{"count":144,"href":"https:\/\/moisesdavia.es\/index.php?rest_route=\/wp\/v2\/pages\/47\/revisions"}],"predecessor-version":[{"id":1037,"href":"https:\/\/moisesdavia.es\/index.php?rest_route=\/wp\/v2\/pages\/47\/revisions\/1037"}],"wp:attachment":[{"href":"https:\/\/moisesdavia.es\/index.php?rest_route=%2Fwp%2Fv2%2Fmedia&parent=47"}],"curies":[{"name":"wp","href":"https:\/\/api.w.org\/{rel}","templated":true}]}}